{"id":14,"date":"2020-09-30T18:17:54","date_gmt":"2020-09-30T18:17:54","guid":{"rendered":"http:\/\/medilab.mainpage.hu\/?page_id=14"},"modified":"2021-02-05T10:18:07","modified_gmt":"2021-02-05T10:18:07","slug":"cegunkrol","status":"publish","type":"page","link":"https:\/\/medilab.mainpage.hu\/en\/cegunkrol\/","title":{"rendered":"About us"},"content":{"rendered":"<h2 class=\"wp-block-heading\">ACTIVITIES OF MEDI-LAB LTD.<\/h2>\n\n\n\n<p>A&nbsp;MEDI-LAB&nbsp;Eg\u00e9szs\u00e9g\u00fcgyi Kereskedelmi \u00e9s Szolg\u00e1ltat\u00f3 Kft. 1992.-ben kezdte meg m\u0171k\u00f6d\u00e9s\u00e9t orvosi laborat\u00f3riumi reagensek, k\u00e9sz\u00fcl\u00e9kek forgalmaz\u00e1s\u00e1val, \u00e9s teszi ezt az\u00f3ta is v\u00e1ltozatlan tulajdonosi \u00f6sszet\u00e9telben \u00e9s form\u00e1ban.&nbsp;<\/p>\n\n\n\n<p>MEDI-LAB imports products from the European Union and the United States. We ensure quick and exact shipment from our storehouse with our own means of transport, or a short forwarding time of direct delivery from the producers with MEDI-LAB acting as exclusive distributor. For our distributed instruments we provide warranty time and post warranty services through our servicing partner. The application of the audited DIN EN ISO 9001 quality management system in our company is an assurance to our customers that the ordered medical products will be stored appropriately and will reach our customers through the highest quality of conveyances.&nbsp;<\/p>\n\n\n\n<p>Our customers are: hospitals, clinics, pharmaceutical centres, family doctors, etc.&nbsp;<\/p>\n\n\n\n<p>MEDI-LAB distributes and takes the distribution of laboratory diagnostic products, from reagents to instruments, for medical and industrial purposes.<\/p>\n\n\n\n<p>\u00c9rt\u00e9kes\u00edt\u00e9si- \u00e9s szakmai csapatunk igyekszik a legjobban megfelelni a v\u00e1s\u00e1rl\u00f3k szakmai ig\u00e9nyeinek, szem el\u0151tt tartva a min\u0151s\u00e9g ir\u00e1nti elk\u00f6telezetts\u00e9get. A v\u00e1s\u00e1rl\u00f3kra szabott aj\u00e1nlataikon t\u00fal eredm\u00e9nyesen k\u00edv\u00e1nunk a hazai p\u00e1ly\u00e1zatok szakmai k\u00f6vetelm\u00e9nyeinek is megfelelni.&nbsp;<\/p>\n\n\n\n<p>A forgalmazott labordiagnosztikai k\u00e9sz\u00fcl\u00e9kek garanci\u00e1lis \u00e9s egy\u00e9b jav\u00edt\u00e1sait saj\u00e1t szerviz\u00fcnk biztos\u00edtja. Szervizm\u00e9rn\u00f6keink a gy\u00e1rt\u00f3i rendszeres tov\u00e1bbk\u00e9pz\u00e9sek alkalm\u00e1val elsaj\u00e1t\u00edtott tud\u00e1ssal \u00e9s tapasztalattal k\u00e9pesek magas sz\u00ednvonalon elv\u00e9gezni a rendszeres m\u0171szer karbantart\u00e1sokat \u00e9s jav\u00edt\u00e1sokat, valamint alkalmazni a leg\u00fajabb fejleszt\u00e9sek eredm\u00e9nyeit.&nbsp;<\/p>\n\n\n\n<p>A 2001. \u00e9vt\u0151l kezdetben bevezetett DIN EN ISO 9001:2000 rendszert\u0151l kezd\u0151d\u0151en a napjainkban alkalmazott \u00e9s audit\u00e1lt DIN EN ISO 9001:2015 min\u0151s\u00e9gbiztos\u00edt\u00e1si rendszer\u00fcnk a garancia v\u00e1s\u00e1rl\u00f3ink fel\u00e9, hogy a megrendelt eg\u00e9szs\u00e9g\u00fcgyi term\u00e9keink a megrendel\u00e9st\u00f4l a kisz\u00e1ll\u00edt\u00e1sig magas szint\u0171 sz\u00e1ll\u00edt\u00e1si-, rakt\u00e1roz\u00e1si- \u00e9s \u00fczletviteli k\u00f6vetelm\u00e9nyek mellett ker\u00fclnek a felhaszn\u00e1l\u00f3khoz.&nbsp;<\/p>\n\n\n\n<p>C\u00e9g\u00fcnk tagja a HIVDA-nak (A Magyar Diagnosztikum Gy\u00e1rt\u00f3k \u00e9s Forgalmaz\u00f3k Tudom\u00e1nyos, Ismeretterjeszt\u0151 \u00e9s \u00c9rdekv\u00e9delmi Egyes\u00fclete), amely szervezeten kereszt\u00fcl igyeksz\u00fcnk fontos szakmai inform\u00e1ci\u00f3kat (IVD szab\u00e1lyoz\u00e1sok aktu\u00e1lis v\u00e1ltoz\u00e1sai, finansz\u00edroz\u00e1si k\u00f6rnyezet, a laborat\u00f3riumi medicina k\u00e9pvisel\u0151ivel kapcsolattart\u00e1s) cser\u00e9lni tagt\u00e1rsainkkal.&nbsp;<\/p>\n\n\n\n<p>Partnereink: k\u00f3rh\u00e1zak, klinik\u00e1k, rendel\u0151int\u00e9zetek, gy\u00f3gyszert\u00e1ri k\u00f6zpontok, human \u00fczemorvosi- \u00e9s h\u00e1ziorvosi rendel\u0151k, az \u00e1llateg\u00e9szs\u00e9g\u00fcgy ter\u00fclet\u00e9n pedig: int\u00e9zetek, klinik\u00e1k, rendel\u0151k.<\/p>\n\n\n\n<p><\/p>","protected":false},"excerpt":{"rendered":"<p>A MEDI-LAB KFT. TEV\u00c9KENYS\u00c9GE A&nbsp;MEDI-LAB&nbsp;Eg\u00e9szs\u00e9g\u00fcgyi Kereskedelmi \u00e9s Szolg\u00e1ltat\u00f3 Kft. 1992.-ben kezdte meg m\u0171k\u00f6d\u00e9s\u00e9t orvosi laborat\u00f3riumi reagensek, k\u00e9sz\u00fcl\u00e9kek forgalmaz\u00e1s\u00e1val, \u00e9s teszi ezt az\u00f3ta is v\u00e1ltozatlan tulajdonosi \u00f6sszet\u00e9telben \u00e9s form\u00e1ban.&nbsp; A t\u00e1rsas\u00e1g megalap\u00edt\u00e1sakor az volt az els\u0151dleges c\u00e9lunk, hogy az eg\u00e9szs\u00e9g\u00fcgy-, azon bel\u00fcl a k\u00f3rh\u00e1zi labordiagnosztika ter\u00fclet\u00e9n olyan k\u00e9sz\u00fcl\u00e9keket \u00e9s in vitro diagnosztikumokat forgalmazzunk, amelyek mind a hazai-, mind a nemzetk\u00f6zi piacon min\u0151s\u00e9gben \u00e9s \u00e1rban kiel\u00e9g\u00edtik a magas szint\u0171 szakmai \u00e9s \u00fczleti k\u00f6vetelm\u00e9nyeket.&nbsp; A Magyarorsz\u00e1gon forgalmazott term\u00e9keinket az Eur\u00f3pai Uni\u00f3b\u00f3l \u00e9s az USA-b\u00f3l import\u00e1ljuk; a kezdeti id\u0151szakban kiz\u00e1r\u00f3lag a n\u00e9met HUMAN GmbH. szakmai \u00e9s kereskedelmi k\u00e9pviselet\u00e9t l\u00e1ttuk el, azonban az elm\u00falt \u00e9vek&#8230; <\/p>","protected":false},"author":2,"featured_media":0,"parent":0,"menu_order":0,"comment_status":"closed","ping_status":"closed","template":"","meta":{"footnotes":""},"yoast_head":"<!-- This site is optimized with the Yoast SEO plugin v21.8 - https:\/\/yoast.com\/wordpress\/plugins\/seo\/ -->\n<title>C\u00e9g\u00fcnkr\u0151l - Medi-lab Labordiagnosztika<\/title>\n<meta name=\"description\" content=\"A MEDI-LAB Eg\u00e9szs\u00e9g\u00fcgyi Kereskedelmi \u00e9s Szolg\u00e1ltat\u00f3 Kft. 1992.-ben kezdte meg m\u0171k\u00f6d\u00e9s\u00e9t orvosi laborat\u00f3riumi reagensek, k\u00e9sz\u00fcl\u00e9kek forgalmaz\u00e1s\u00e1val, \u00e9s teszi ezt az\u00f3ta is v\u00e1ltozatlan tulajdonosi \u00f6sszet\u00e9telben \u00e9s form\u00e1ban.\" \/>\n<meta name=\"robots\" content=\"index, follow, max-snippet:-1, max-image-preview:large, max-video-preview:-1\" \/>\n<link rel=\"canonical\" href=\"https:\/\/medilab.mainpage.hu\/en\/cegunkrol\/\" \/>\n<meta property=\"og:locale\" content=\"en_US\" \/>\n<meta property=\"og:type\" content=\"article\" \/>\n<meta property=\"og:title\" content=\"A Medi-lab Kft. tev\u00e9kenys\u00e9ge\" \/>\n<meta property=\"og:description\" content=\"A MEDI-LAB Eg\u00e9szs\u00e9g\u00fcgyi Kereskedelmi \u00e9s Szolg\u00e1ltat\u00f3 Kft. 1992.-ben kezdte meg m\u0171k\u00f6d\u00e9s\u00e9t orvosi laborat\u00f3riumi reagensek, k\u00e9sz\u00fcl\u00e9kek forgalmaz\u00e1s\u00e1val, \u00e9s teszi ezt az\u00f3ta is v\u00e1ltozatlan tulajdonosi \u00f6sszet\u00e9telben \u00e9s form\u00e1ban.\" \/>\n<meta property=\"og:url\" content=\"https:\/\/medilab.mainpage.hu\/en\/cegunkrol\/\" \/>\n<meta property=\"og:site_name\" content=\"Medi-lab Labordiagnosztika\" \/>\n<meta property=\"article:publisher\" content=\"https:\/\/www.facebook.com\/medilabhungary\" \/>\n<meta property=\"article:modified_time\" content=\"2021-02-05T10:18:07+00:00\" \/>\n<meta property=\"og:image\" content=\"https:\/\/medilab.mainpage.hu\/wp-content\/uploads\/2020\/10\/logo_Logo-full-on-light-2.png\" \/>\n\t<meta property=\"og:image:width\" content=\"513\" \/>\n\t<meta property=\"og:image:height\" content=\"200\" \/>\n\t<meta property=\"og:image:type\" content=\"image\/png\" \/>\n<meta name=\"twitter:card\" content=\"summary_large_image\" \/>\n<meta name=\"twitter:label1\" content=\"Est. reading time\" \/>\n\t<meta name=\"twitter:data1\" content=\"3 minutes\" \/>\n<script type=\"application\/ld+json\" class=\"yoast-schema-graph\">{\"@context\":\"https:\/\/schema.org\",\"@graph\":[{\"@type\":\"WebPage\",\"@id\":\"https:\/\/medilab.mainpage.hu\/cegunkrol\/\",\"url\":\"https:\/\/medilab.mainpage.hu\/cegunkrol\/\",\"name\":\"C\u00e9g\u00fcnkr\u0151l - Medi-lab Labordiagnosztika\",\"isPartOf\":{\"@id\":\"https:\/\/medilab.mainpage.hu\/#website\"},\"datePublished\":\"2020-09-30T18:17:54+00:00\",\"dateModified\":\"2021-02-05T10:18:07+00:00\",\"description\":\"A MEDI-LAB Eg\u00e9szs\u00e9g\u00fcgyi Kereskedelmi \u00e9s Szolg\u00e1ltat\u00f3 Kft. 1992.-ben kezdte meg m\u0171k\u00f6d\u00e9s\u00e9t orvosi laborat\u00f3riumi reagensek, k\u00e9sz\u00fcl\u00e9kek forgalmaz\u00e1s\u00e1val, \u00e9s teszi ezt az\u00f3ta is v\u00e1ltozatlan tulajdonosi \u00f6sszet\u00e9telben \u00e9s form\u00e1ban.\",\"breadcrumb\":{\"@id\":\"https:\/\/medilab.mainpage.hu\/cegunkrol\/#breadcrumb\"},\"inLanguage\":\"en-US\",\"potentialAction\":[{\"@type\":\"ReadAction\",\"target\":[\"https:\/\/medilab.mainpage.hu\/cegunkrol\/\"]}]},{\"@type\":\"BreadcrumbList\",\"@id\":\"https:\/\/medilab.mainpage.hu\/cegunkrol\/#breadcrumb\",\"itemListElement\":[{\"@type\":\"ListItem\",\"position\":1,\"name\":\"Kezd\u0151lap\",\"item\":\"https:\/\/medilab.mainpage.hu\/\"},{\"@type\":\"ListItem\",\"position\":2,\"name\":\"C\u00e9g\u00fcnkr\u0151l\"}]},{\"@type\":\"WebSite\",\"@id\":\"https:\/\/medilab.mainpage.hu\/#website\",\"url\":\"https:\/\/medilab.mainpage.hu\/\",\"name\":\"Medi-lab Labordiagnosztika\",\"description\":\"Medi-lab Labordiagnosztika\",\"publisher\":{\"@id\":\"https:\/\/medilab.mainpage.hu\/#organization\"},\"potentialAction\":[{\"@type\":\"SearchAction\",\"target\":{\"@type\":\"EntryPoint\",\"urlTemplate\":\"https:\/\/medilab.mainpage.hu\/?s={search_term_string}\"},\"query-input\":\"required name=search_term_string\"}],\"inLanguage\":\"en-US\"},{\"@type\":\"Organization\",\"@id\":\"https:\/\/medilab.mainpage.hu\/#organization\",\"name\":\"MEDI-LAB Eg\u00e9szs\u00e9g\u00fcgyi Kereskedelmi \u00e9s Szolg\u00e1ltat\u00f3 Kft.\",\"url\":\"https:\/\/medilab.mainpage.hu\/\",\"logo\":{\"@type\":\"ImageObject\",\"inLanguage\":\"en-US\",\"@id\":\"https:\/\/medilab.mainpage.hu\/#\/schema\/logo\/image\/\",\"url\":\"https:\/\/medilab.mainpage.hu\/wp-content\/uploads\/2020\/10\/logo_Logo-full-on-light-e1602319701988.png\",\"contentUrl\":\"https:\/\/medilab.mainpage.hu\/wp-content\/uploads\/2020\/10\/logo_Logo-full-on-light-e1602319701988.png\",\"width\":364,\"height\":197,\"caption\":\"MEDI-LAB Eg\u00e9szs\u00e9g\u00fcgyi Kereskedelmi \u00e9s Szolg\u00e1ltat\u00f3 Kft.\"},\"image\":{\"@id\":\"https:\/\/medilab.mainpage.hu\/#\/schema\/logo\/image\/\"},\"sameAs\":[\"https:\/\/www.facebook.com\/medilabhungary\",\"https:\/\/linkedin.com\/company\/medi-lab-ltd\/\"]}]}<\/script>\n<!-- \/ Yoast SEO plugin. -->","yoast_head_json":{"title":"C\u00e9g\u00fcnkr\u0151l - Medi-lab Labordiagnosztika","description":"A MEDI-LAB Eg\u00e9szs\u00e9g\u00fcgyi Kereskedelmi \u00e9s Szolg\u00e1ltat\u00f3 Kft. 1992.-ben kezdte meg m\u0171k\u00f6d\u00e9s\u00e9t orvosi laborat\u00f3riumi reagensek, k\u00e9sz\u00fcl\u00e9kek forgalmaz\u00e1s\u00e1val, \u00e9s teszi ezt az\u00f3ta is v\u00e1ltozatlan tulajdonosi \u00f6sszet\u00e9telben \u00e9s form\u00e1ban.","robots":{"index":"index","follow":"follow","max-snippet":"max-snippet:-1","max-image-preview":"max-image-preview:large","max-video-preview":"max-video-preview:-1"},"canonical":"https:\/\/medilab.mainpage.hu\/en\/cegunkrol\/","og_locale":"en_US","og_type":"article","og_title":"A Medi-lab Kft. tev\u00e9kenys\u00e9ge","og_description":"A MEDI-LAB Eg\u00e9szs\u00e9g\u00fcgyi Kereskedelmi \u00e9s Szolg\u00e1ltat\u00f3 Kft. 1992.-ben kezdte meg m\u0171k\u00f6d\u00e9s\u00e9t orvosi laborat\u00f3riumi reagensek, k\u00e9sz\u00fcl\u00e9kek forgalmaz\u00e1s\u00e1val, \u00e9s teszi ezt az\u00f3ta is v\u00e1ltozatlan tulajdonosi \u00f6sszet\u00e9telben \u00e9s form\u00e1ban.","og_url":"https:\/\/medilab.mainpage.hu\/en\/cegunkrol\/","og_site_name":"Medi-lab Labordiagnosztika","article_publisher":"https:\/\/www.facebook.com\/medilabhungary","article_modified_time":"2021-02-05T10:18:07+00:00","og_image":[{"width":513,"height":200,"url":"https:\/\/medilab.mainpage.hu\/wp-content\/uploads\/2020\/10\/logo_Logo-full-on-light-2.png","type":"image\/png"}],"twitter_card":"summary_large_image","twitter_misc":{"Est. reading time":"3 minutes"},"schema":{"@context":"https:\/\/schema.org","@graph":[{"@type":"WebPage","@id":"https:\/\/medilab.mainpage.hu\/cegunkrol\/","url":"https:\/\/medilab.mainpage.hu\/cegunkrol\/","name":"C\u00e9g\u00fcnkr\u0151l - Medi-lab Labordiagnosztika","isPartOf":{"@id":"https:\/\/medilab.mainpage.hu\/#website"},"datePublished":"2020-09-30T18:17:54+00:00","dateModified":"2021-02-05T10:18:07+00:00","description":"A MEDI-LAB Eg\u00e9szs\u00e9g\u00fcgyi Kereskedelmi \u00e9s Szolg\u00e1ltat\u00f3 Kft. 1992.-ben kezdte meg m\u0171k\u00f6d\u00e9s\u00e9t orvosi laborat\u00f3riumi reagensek, k\u00e9sz\u00fcl\u00e9kek forgalmaz\u00e1s\u00e1val, \u00e9s teszi ezt az\u00f3ta is v\u00e1ltozatlan tulajdonosi \u00f6sszet\u00e9telben \u00e9s form\u00e1ban.","breadcrumb":{"@id":"https:\/\/medilab.mainpage.hu\/cegunkrol\/#breadcrumb"},"inLanguage":"en-US","potentialAction":[{"@type":"ReadAction","target":["https:\/\/medilab.mainpage.hu\/cegunkrol\/"]}]},{"@type":"BreadcrumbList","@id":"https:\/\/medilab.mainpage.hu\/cegunkrol\/#breadcrumb","itemListElement":[{"@type":"ListItem","position":1,"name":"Kezd\u0151lap","item":"https:\/\/medilab.mainpage.hu\/"},{"@type":"ListItem","position":2,"name":"C\u00e9g\u00fcnkr\u0151l"}]},{"@type":"WebSite","@id":"https:\/\/medilab.mainpage.hu\/#website","url":"https:\/\/medilab.mainpage.hu\/","name":"Medi-lab Labordiagnosztika","description":"Medi-lab Labordiagnosztika","publisher":{"@id":"https:\/\/medilab.mainpage.hu\/#organization"},"potentialAction":[{"@type":"SearchAction","target":{"@type":"EntryPoint","urlTemplate":"https:\/\/medilab.mainpage.hu\/?s={search_term_string}"},"query-input":"required name=search_term_string"}],"inLanguage":"en-US"},{"@type":"Organization","@id":"https:\/\/medilab.mainpage.hu\/#organization","name":"MEDI-LAB Eg\u00e9szs\u00e9g\u00fcgyi Kereskedelmi \u00e9s Szolg\u00e1ltat\u00f3 Kft.","url":"https:\/\/medilab.mainpage.hu\/","logo":{"@type":"ImageObject","inLanguage":"en-US","@id":"https:\/\/medilab.mainpage.hu\/#\/schema\/logo\/image\/","url":"https:\/\/medilab.mainpage.hu\/wp-content\/uploads\/2020\/10\/logo_Logo-full-on-light-e1602319701988.png","contentUrl":"https:\/\/medilab.mainpage.hu\/wp-content\/uploads\/2020\/10\/logo_Logo-full-on-light-e1602319701988.png","width":364,"height":197,"caption":"MEDI-LAB Eg\u00e9szs\u00e9g\u00fcgyi Kereskedelmi \u00e9s Szolg\u00e1ltat\u00f3 Kft."},"image":{"@id":"https:\/\/medilab.mainpage.hu\/#\/schema\/logo\/image\/"},"sameAs":["https:\/\/www.facebook.com\/medilabhungary","https:\/\/linkedin.com\/company\/medi-lab-ltd\/"]}]}},"_links":{"self":[{"href":"https:\/\/medilab.mainpage.hu\/en\/wp-json\/wp\/v2\/pages\/14"}],"collection":[{"href":"https:\/\/medilab.mainpage.hu\/en\/wp-json\/wp\/v2\/pages"}],"about":[{"href":"https:\/\/medilab.mainpage.hu\/en\/wp-json\/wp\/v2\/types\/page"}],"author":[{"embeddable":true,"href":"https:\/\/medilab.mainpage.hu\/en\/wp-json\/wp\/v2\/users\/2"}],"replies":[{"embeddable":true,"href":"https:\/\/medilab.mainpage.hu\/en\/wp-json\/wp\/v2\/comments?post=14"}],"version-history":[{"count":0,"href":"https:\/\/medilab.mainpage.hu\/en\/wp-json\/wp\/v2\/pages\/14\/revisions"}],"wp:attachment":[{"href":"https:\/\/medilab.mainpage.hu\/en\/wp-json\/wp\/v2\/media?parent=14"}],"curies":[{"name":"wp","href":"https:\/\/api.w.org\/{rel}","templated":true}]}}