{"id":1617,"date":"2020-10-11T17:03:55","date_gmt":"2020-10-11T17:03:55","guid":{"rendered":"http:\/\/medilab.mainpage.hu\/?page_id=1617"},"modified":"2021-05-08T09:26:09","modified_gmt":"2021-05-08T09:26:09","slug":"gyorstesztek-antigen-es-antitest-kimutatas","status":"publish","type":"page","link":"https:\/\/medilab.mainpage.hu\/en\/gyorstesztek-antigen-es-antitest-kimutatas\/","title":{"rendered":"Gyorstesztek, Antig\u00e9n \u00e9s Antitest kimutat\u00e1s"},"content":{"rendered":"<p>A 2020 tavasz\u00e1n c\u00e9g\u00fcnk bevezette a NADAL COVID-19 IgG\/IgM&nbsp;<strong>antitest&nbsp;<\/strong>tesztet. Ez a teszt kiv\u00e1l\u00f3 min\u0151s\u00edt\u00e9st kapott, hiszen a kereskedelmi forgalomban kaphat\u00f3 gyorsdiagnosztikai tesztek k\u00f6z\u00fcl a \u201eSARS-CoV-2 elleni antitestek kimutat\u00e1s\u00e1ra szolg\u00e1l\u00f3 17 gyorsteszt \u00e9rt\u00e9kel\u00e9se\u201d c\u00edm\u0171 szakmai cikk a&nbsp;<strong>h\u00e1rom elfogadott, \u201ej\u00f3\u201d besorol\u00e1s\u00fa gyorsteszt k\u00f6z\u00e9 sorolta a<\/strong>&nbsp;NADAL\u00ae COVID-19 IgG\/IgM gyorsteszt\u00fcnket: <a href=\"https:\/\/medilab.mainpage.hu\/wp-content\/uploads\/2020\/10\/report_2_covid19_rapidtests_noklus_2020.pdf\">PDF<\/a><\/p>\n\n\n\n<p>Ez\u00faton szeretn\u00e9nk besz\u00e1molni arr\u00f3l, hogy az eddig rendelkez\u00e9sre \u00e1ll\u00f3 antitest teszt\u00fcnk kieg\u00e9sz\u00fclt egy antig\u00e9n teszttel, amely a COVID-19\/SARS-CoV-2 diagnosztik\u00e1ban \u00fajdons\u00e1gnak sz\u00e1m\u00edt.<\/p>\n\n\n\n<p>A m\u00e1r kor\u00e1bban bevezetett NADAL\u00ae COVID-19 IgG \/ IgM antitest gyorsteszt a v\u00edrust k\u00f6zvetett m\u00f3don detekt\u00e1lja.&nbsp;<strong>A NADAL\u00ae COVID-19 antig\u00e9n gyorsteszt viszont k\u00f6zvetlen\u00fcl<\/strong>&nbsp;\u00e9szleli a SARS-CoV-2 v\u00edrus specifikus feh\u00e9rj\u00e9j\u00e9nek jelenl\u00e9t\u00e9t. (Az antig\u00e9nteszt m\u0171k\u00f6d\u00e9si elve: a nukleokapszid feh\u00e9rje (N) ide\u00e1lis a v\u00edrus azonos\u00edt\u00e1s\u00e1ra, mivel az a v\u00edrusban nagy mennyis\u00e9gben tal\u00e1lhat\u00f3, \u00e9s kell\u0151en specifikus a SARSCoV-2-re. Ez a 4 legfontosabb struktur\u00e1lis feh\u00e9rje egyike, ami r\u00e9szt vesz a v\u00edrusgenom replik\u00e1ci\u00f3j\u00e1ban, transzkripci\u00f3j\u00e1ban \u00e9s csomagol\u00e1s\u00e1ban.) Az antig\u00e9n detekt\u00e1l\u00e1sa \u00edgy&nbsp;<strong>lez\u00e1r egy eddig nyitott diagnosztikai r\u00e9st \u00e9s teljess\u00e9 teszi a betegs\u00e9g kialakul\u00e1s\u00e1nak \u00e9s lefoly\u00e1s\u00e1nak detekt\u00e1l\u00e1s\u00e1t. A k\u00e9tf\u00e9le (antig\u00e9n \u00e9s antitest) kimutat\u00e1s diagnosztikailag kieg\u00e9sz\u00edtheti egym\u00e1st: ak\u00e1r a t\u00fcnetmentes \u00e1llapot alatti sz\u0171r\u00e9st\u0151l kezd\u0151d\u0151en (az \u00faj antig\u00e9n teszt haszn\u00e1lat\u00e1val) a betegs\u00e9g lefoly\u00e1s\u00e1t k\u00f6vet\u0151 \u00e1llapotmonitoroz\u00e1s\u00e1ig (az eddigi antitest teszt haszn\u00e1lat\u00e1val).<\/strong><\/p>\n\n\n\n<h2 class=\"wp-block-heading\">Tesztjellemz\u0151k:<\/h2>\n\n\n\n<h3 class=\"wp-block-heading\">Antig\u00e9n gyorsteszt:<\/h3>\n\n\n\n<p><strong>NADAL\u00ae COVID-19 antig\u00e9n gyorsteszt<\/strong> SARS-CoV-2 a v\u00edrus nukleoprotien antig\u00e9nj\u00e9nek kimutat\u00e1s\u00e1ra szolg\u00e1l\u00f3 gyorsteszt human sz\u00e1j-garat \u00e9s orr-garat mint\u00e1b\u00f3l <strong>(243103N-20)<\/strong> <a href=\"https:\/\/youtu.be\/-z7GyB1GmCY\">Video itt l\u00e1that\u00f3<\/a><\/p>\n\n\n\n<div class=\"wp-block-media-text alignwide has-media-on-the-right is-stacked-on-mobile\" style=\"grid-template-columns:auto 44%\"><figure class=\"wp-block-media-text__media\"><img decoding=\"async\" loading=\"lazy\" width=\"1000\" height=\"1000\" src=\"http:\/\/medilab.mainpage.hu\/wp-content\/uploads\/2020\/10\/COVID-19_Ag.jpg\" alt=\"\" class=\"wp-image-1888 size-full\" srcset=\"https:\/\/medilab.mainpage.hu\/wp-content\/uploads\/2020\/10\/COVID-19_Ag.jpg 1000w, https:\/\/medilab.mainpage.hu\/wp-content\/uploads\/2020\/10\/COVID-19_Ag-300x300.jpg 300w, https:\/\/medilab.mainpage.hu\/wp-content\/uploads\/2020\/10\/COVID-19_Ag-150x150.jpg 150w, https:\/\/medilab.mainpage.hu\/wp-content\/uploads\/2020\/10\/COVID-19_Ag-768x768.jpg 768w, https:\/\/medilab.mainpage.hu\/wp-content\/uploads\/2020\/10\/COVID-19_Ag-12x12.jpg 12w, https:\/\/medilab.mainpage.hu\/wp-content\/uploads\/2020\/10\/COVID-19_Ag-800x800.jpg 800w\" sizes=\"(max-width: 1000px) 100vw, 1000px\" \/><\/figure><div class=\"wp-block-media-text__content\">\n<ul><li>Specificit\u00e1s: 99,9%<\/li><li>Szenzitivit\u00e1s: 97,56%<\/li><li>K\u00f6nnyen haszn\u00e1lhat\u00f3<\/li><li><strong><span class=\"has-inline-color has-vivid-red-color\">Orrmint\u00e1b\u00f3l<\/span>, tov\u00e1bb\u00e1 sz\u00e1j-garat \u00e9s orr-garat mint\u00e1b\u00f3l v\u00e9gezhet\u0151 vizsg\u00e1lat<\/strong><\/li><li>Szobah\u0151m\u00e9rs\u00e9kleten t\u00e1rolhat\u00f3<\/li><li>A teszt tartalmazza a mintavev\u0151 steril tamponokat is<\/li><li>Mint\u00e1nk\u00e9nt kiszerelt pufferampull\u00e1k egyszeri haszn\u00e1latra<\/li><li><strong>Eredm\u00e9ny 15 perc alatt<\/strong><\/li><li>Nem ad keresztreakci\u00f3t human koronav\u00edrusokkal, mint hCoV-229E, -HKU1, NL63 and -OC43 vagy k\u00fcl\u00f6nb\u00f6z\u0151 influenza v\u00edrusokkal, mint influenza A\/B<\/li><li>Kiszerel\u00e9s: 20 teszt\/kit<\/li><\/ul>\n<\/div><\/div>\n\n\n\n<h3 class=\"wp-block-heading\">Antig\u00e9n+Influenza A\/B gyorsteszt:<\/h3>\n\n\n\n<p><strong>NADAL\u00ae COVID-19 antig\u00e9n + Influenza A\/B gyorsteszt<\/strong> SARS-CoV-2 a v\u00edrus nukleoprotien antig\u00e9nj\u00e9nek- \u00e9s az Influenza A\/B antig\u00e9nj\u00e9nek kimutat\u00e1s\u00e1ra szolg\u00e1l\u00f3 gyorsteszt human orr-garat mint\u00e1b\u00f3l <strong>(243203N-20)<\/strong><\/p>\n\n\n\n<div class=\"wp-block-media-text alignwide has-media-on-the-right is-stacked-on-mobile\" style=\"grid-template-columns:auto 39%\"><figure class=\"wp-block-media-text__media\"><img decoding=\"async\" loading=\"lazy\" width=\"1024\" height=\"745\" src=\"http:\/\/medilab.mainpage.hu\/wp-content\/uploads\/2020\/10\/Covid_19Influenza_AB-3-1024x745.jpg\" alt=\"\" class=\"wp-image-1897 size-full\" srcset=\"https:\/\/medilab.mainpage.hu\/wp-content\/uploads\/2020\/10\/Covid_19Influenza_AB-3-1024x745.jpg 1024w, https:\/\/medilab.mainpage.hu\/wp-content\/uploads\/2020\/10\/Covid_19Influenza_AB-3-300x218.jpg 300w, https:\/\/medilab.mainpage.hu\/wp-content\/uploads\/2020\/10\/Covid_19Influenza_AB-3-768x559.jpg 768w, https:\/\/medilab.mainpage.hu\/wp-content\/uploads\/2020\/10\/Covid_19Influenza_AB-3-16x12.jpg 16w, https:\/\/medilab.mainpage.hu\/wp-content\/uploads\/2020\/10\/Covid_19Influenza_AB-3.jpg 1042w\" sizes=\"(max-width: 1024px) 100vw, 1024px\" \/><\/figure><div class=\"wp-block-media-text__content\">\n<ul id=\"block-3a545bf8-b024-4f90-9a78-619ec846783b\"><li>Specificit\u00e1s: 99,9%<\/li><li>Szenzitivit\u00e1s: 97,6%<\/li><li>Influenza vagy csak megf\u00e1z\u00e1s? Egy teszt, h\u00e1rom v\u00e1lasz.<\/li><li>2 az 1-ben tesztkazetta mindk\u00e9t param\u00e9ter egyidej\u0171 tesztel\u00e9s\u00e9hez<\/li><li>Ugyanaz a minta haszn\u00e1lhat\u00f3 mindk\u00e9t param\u00e9terhez<\/li><li><strong>Orr-garat mint\u00e1b\u00f3l v\u00e9gezhet\u0151 vizsg\u00e1lat<\/strong><\/li><li>Szobah\u0151m\u00e9rs\u00e9kleten t\u00e1rolhat\u00f3<\/li><li>Az \u00f6sszes tesztkomponens megtal\u00e1lhat\u00f3 a k\u00e9szletben<\/li><li><strong>Eredm\u00e9ny 15 perc alatt<\/strong><\/li><li>Az extrakci\u00f3s puffer inaktiv\u00e1lja a koronav\u00edrust a biztons\u00e1g \u00e9rdek\u00e9ben a teszt v\u00e9grehajt\u00e1sa sor\u00e1n<\/li><li>Kiszerel\u00e9s: 20 teszt\/kit<\/li><\/ul>\n<\/div><\/div>\n\n\n\n<div class=\"wp-block-group is-layout-flow wp-block-group-is-layout-flow\"><div class=\"wp-block-group__inner-container\"><\/div><\/div>\n\n\n\n<h3 class=\"wp-block-heading\">Antitest gyorsteszt:<\/h3>\n\n\n\n<p><strong>NADAL\u00ae COVID-19 IgG\/IgM antitest gyorsteszt<\/strong> a <strong><em>szervezetben termel\u0151d\u0151<\/em><\/strong> ellenanyagok kimutat\u00e1s\u00e1ra teljes v\u00e9rb\u0151l, sz\u00e9rumb\u00f3l vagy plazm\u00e1b\u00f3l <strong>(243001N-10)<\/strong><\/p>\n\n\n\n<div class=\"wp-block-media-text alignwide has-media-on-the-right is-stacked-on-mobile\" style=\"grid-template-columns:auto 33%\"><figure class=\"wp-block-media-text__media\"><img decoding=\"async\" loading=\"lazy\" width=\"400\" height=\"400\" src=\"http:\/\/medilab.mainpage.hu\/wp-content\/uploads\/2020\/11\/covid_modified_m-1.png\" alt=\"\" class=\"wp-image-1917 size-full\" srcset=\"https:\/\/medilab.mainpage.hu\/wp-content\/uploads\/2020\/11\/covid_modified_m-1.png 400w, https:\/\/medilab.mainpage.hu\/wp-content\/uploads\/2020\/11\/covid_modified_m-1-300x300.png 300w, https:\/\/medilab.mainpage.hu\/wp-content\/uploads\/2020\/11\/covid_modified_m-1-150x150.png 150w, https:\/\/medilab.mainpage.hu\/wp-content\/uploads\/2020\/11\/covid_modified_m-1-12x12.png 12w\" sizes=\"(max-width: 400px) 100vw, 400px\" \/><\/figure><div class=\"wp-block-media-text__content\">\n<ul id=\"block-94287d92-1565-4992-b003-ded667d08908\"><li>Specificit\u00e1s 99,2%<\/li><li>Szenzitivit\u00e1s: 94,1%<\/li><li>K\u00f6nnyen haszn\u00e1lhat\u00f3<\/li><li><strong>Teljes v\u00e9r, sz\u00e9rum, plazma mint\u00e1b\u00f3l v\u00e9gezhet\u0151 vizsg\u00e1lat<\/strong><\/li><li>Szobah\u0151m\u00e9rs\u00e9kleten t\u00e1rolhat\u00f3<\/li><li><strong>Eredm\u00e9ny 10 perc alatt<\/strong><\/li><li>Kiszerel\u00e9s: 10 teszt\/kit<\/li><\/ul>\n<\/div><\/div>\n\n\n\n<div class=\"wp-block-columns are-vertically-aligned-center has-pale-cyan-blue-background-color has-background is-layout-flex wp-container-4 wp-block-columns-is-layout-flex\">\n<div class=\"wp-block-column is-vertically-aligned-center is-layout-flow wp-block-column-is-layout-flow\" style=\"flex-basis:66.66%\">\n<h3 class=\"wp-block-heading\">Szeretn\u00e9k egyedi aj\u00e1nlatot k\u00e9rni!<\/h3>\n\n\n\n<div style=\"height:20px\" aria-hidden=\"true\" class=\"wp-block-spacer\"><\/div>\n<\/div>\n\n\n\n<div class=\"wp-block-column is-vertically-aligned-center is-layout-flow wp-block-column-is-layout-flow\" style=\"flex-basis:33.33%\">\n<a href=\"http:\/\/medilab.mainpage.hu\/en\/lepjen-velunk-kapcsolatba\/\"><button type=\"button\" style=\"width:100%; color:white; max-width:90%;\">Contact us<\/button><\/a>\n<\/div>\n<\/div>","protected":false},"excerpt":{"rendered":"<p>A 2020 tavasz\u00e1n c\u00e9g\u00fcnk bevezette a NADAL COVID-19 IgG\/IgM&nbsp;antitest&nbsp;tesztet. Ez a teszt kiv\u00e1l\u00f3 min\u0151s\u00edt\u00e9st kapott, hiszen a kereskedelmi forgalomban kaphat\u00f3 gyorsdiagnosztikai tesztek k\u00f6z\u00fcl a \u201eSARS-CoV-2 elleni antitestek kimutat\u00e1s\u00e1ra szolg\u00e1l\u00f3 17 gyorsteszt \u00e9rt\u00e9kel\u00e9se\u201d c\u00edm\u0171 szakmai cikk a&nbsp;h\u00e1rom elfogadott, \u201ej\u00f3\u201d besorol\u00e1s\u00fa gyorsteszt k\u00f6z\u00e9 sorolta a&nbsp;NADAL\u00ae COVID-19 IgG\/IgM gyorsteszt\u00fcnket: PDF Ez\u00faton szeretn\u00e9nk besz\u00e1molni arr\u00f3l, hogy az eddig rendelkez\u00e9sre \u00e1ll\u00f3 antitest teszt\u00fcnk kieg\u00e9sz\u00fclt egy antig\u00e9n teszttel, amely a COVID-19\/SARS-CoV-2 diagnosztik\u00e1ban \u00fajdons\u00e1gnak sz\u00e1m\u00edt. A m\u00e1r kor\u00e1bban bevezetett NADAL\u00ae COVID-19 IgG \/ IgM antitest gyorsteszt a v\u00edrust k\u00f6zvetett m\u00f3don detekt\u00e1lja.&nbsp;A NADAL\u00ae COVID-19 antig\u00e9n gyorsteszt viszont k\u00f6zvetlen\u00fcl&nbsp;\u00e9szleli a SARS-CoV-2 v\u00edrus specifikus feh\u00e9rj\u00e9j\u00e9nek jelenl\u00e9t\u00e9t. (Az antig\u00e9nteszt m\u0171k\u00f6d\u00e9si elve:&#8230; <\/p>","protected":false},"author":2,"featured_media":0,"parent":0,"menu_order":0,"comment_status":"closed","ping_status":"closed","template":"","meta":{"footnotes":""},"yoast_head":"<!-- This site is optimized with the Yoast SEO plugin v21.8 - https:\/\/yoast.com\/wordpress\/plugins\/seo\/ -->\n<title>Gyorstesztek, Antig\u00e9n \u00e9s Antitest kimutat\u00e1s - Medi-lab Labordiagnosztika<\/title>\n<meta name=\"description\" content=\"A NADAL\u00ae gyorsteszt k\u00f6zvetlen\u00fcl \u00e9szleli a SARS-CoV-2 v\u00edrus specifikus feh\u00e9rj\u00e9j\u00e9nek jelenl\u00e9t\u00e9t. Az antig\u00e9n detekt\u00e1l\u00e1sa \u00edgy lez\u00e1r egy eddig nyitott diagnosztikai r\u00e9st \u00e9s teljess\u00e9 teszi a betegs\u00e9g kialakul\u00e1s\u00e1nak \u00e9s lefoly\u00e1s\u00e1nak detekt\u00e1l\u00e1s\u00e1t.\" \/>\n<meta name=\"robots\" content=\"index, follow, max-snippet:-1, max-image-preview:large, max-video-preview:-1\" \/>\n<link rel=\"canonical\" href=\"https:\/\/medilab.mainpage.hu\/en\/gyorstesztek-antigen-es-antitest-kimutatas\/\" \/>\n<meta property=\"og:locale\" content=\"en_US\" \/>\n<meta property=\"og:type\" content=\"article\" \/>\n<meta property=\"og:title\" content=\"Gyorstesztek, Antig\u00e9n \u00e9s Antitest kimutat\u00e1s\" \/>\n<meta property=\"og:description\" content=\"A NADAL\u00ae COVID-19 antig\u00e9n gyorsteszt k\u00f6zvetlen\u00fcl \u00e9szleli a SARS-CoV-2 v\u00edrus specifikus feh\u00e9rj\u00e9j\u00e9nek jelenl\u00e9t\u00e9t. Az antig\u00e9n detekt\u00e1l\u00e1sa \u00edgy lez\u00e1r egy eddig nyitott diagnosztikai r\u00e9st \u00e9s teljess\u00e9 teszi a betegs\u00e9g kialakul\u00e1s\u00e1nak \u00e9s lefoly\u00e1s\u00e1nak detekt\u00e1l\u00e1s\u00e1t.\" \/>\n<meta property=\"og:url\" content=\"https:\/\/medilab.mainpage.hu\/en\/gyorstesztek-antigen-es-antitest-kimutatas\/\" \/>\n<meta property=\"og:site_name\" content=\"Medi-lab Labordiagnosztika\" \/>\n<meta property=\"article:publisher\" content=\"https:\/\/www.facebook.com\/medilabhungary\" \/>\n<meta property=\"article:modified_time\" content=\"2021-05-08T09:26:09+00:00\" \/>\n<meta property=\"og:image\" content=\"https:\/\/medilab.mainpage.hu\/wp-content\/uploads\/2020\/10\/Covid_19_IgG_IgM.jpg\" \/>\n\t<meta property=\"og:image:width\" content=\"785\" \/>\n\t<meta property=\"og:image:height\" content=\"761\" \/>\n\t<meta property=\"og:image:type\" content=\"image\/jpeg\" \/>\n<meta name=\"twitter:card\" content=\"summary_large_image\" \/>\n<meta name=\"twitter:label1\" content=\"Est. reading time\" \/>\n\t<meta name=\"twitter:data1\" content=\"3 minutes\" \/>\n<script type=\"application\/ld+json\" class=\"yoast-schema-graph\">{\"@context\":\"https:\/\/schema.org\",\"@graph\":[{\"@type\":\"WebPage\",\"@id\":\"https:\/\/medilab.mainpage.hu\/gyorstesztek-antigen-es-antitest-kimutatas\/\",\"url\":\"https:\/\/medilab.mainpage.hu\/gyorstesztek-antigen-es-antitest-kimutatas\/\",\"name\":\"Gyorstesztek, Antig\u00e9n \u00e9s Antitest kimutat\u00e1s - Medi-lab Labordiagnosztika\",\"isPartOf\":{\"@id\":\"https:\/\/medilab.mainpage.hu\/#website\"},\"datePublished\":\"2020-10-11T17:03:55+00:00\",\"dateModified\":\"2021-05-08T09:26:09+00:00\",\"description\":\"A NADAL\u00ae gyorsteszt k\u00f6zvetlen\u00fcl \u00e9szleli a SARS-CoV-2 v\u00edrus specifikus feh\u00e9rj\u00e9j\u00e9nek jelenl\u00e9t\u00e9t. Az antig\u00e9n detekt\u00e1l\u00e1sa \u00edgy lez\u00e1r egy eddig nyitott diagnosztikai r\u00e9st \u00e9s teljess\u00e9 teszi a betegs\u00e9g kialakul\u00e1s\u00e1nak \u00e9s lefoly\u00e1s\u00e1nak detekt\u00e1l\u00e1s\u00e1t.\",\"breadcrumb\":{\"@id\":\"https:\/\/medilab.mainpage.hu\/gyorstesztek-antigen-es-antitest-kimutatas\/#breadcrumb\"},\"inLanguage\":\"en-US\",\"potentialAction\":[{\"@type\":\"ReadAction\",\"target\":[\"https:\/\/medilab.mainpage.hu\/gyorstesztek-antigen-es-antitest-kimutatas\/\"]}]},{\"@type\":\"BreadcrumbList\",\"@id\":\"https:\/\/medilab.mainpage.hu\/gyorstesztek-antigen-es-antitest-kimutatas\/#breadcrumb\",\"itemListElement\":[{\"@type\":\"ListItem\",\"position\":1,\"name\":\"Kezd\u0151lap\",\"item\":\"https:\/\/medilab.mainpage.hu\/\"},{\"@type\":\"ListItem\",\"position\":2,\"name\":\"Gyorstesztek, Antig\u00e9n \u00e9s Antitest kimutat\u00e1s\"}]},{\"@type\":\"WebSite\",\"@id\":\"https:\/\/medilab.mainpage.hu\/#website\",\"url\":\"https:\/\/medilab.mainpage.hu\/\",\"name\":\"Medi-lab Labordiagnosztika\",\"description\":\"Medi-lab Labordiagnosztika\",\"publisher\":{\"@id\":\"https:\/\/medilab.mainpage.hu\/#organization\"},\"potentialAction\":[{\"@type\":\"SearchAction\",\"target\":{\"@type\":\"EntryPoint\",\"urlTemplate\":\"https:\/\/medilab.mainpage.hu\/?s={search_term_string}\"},\"query-input\":\"required name=search_term_string\"}],\"inLanguage\":\"en-US\"},{\"@type\":\"Organization\",\"@id\":\"https:\/\/medilab.mainpage.hu\/#organization\",\"name\":\"MEDI-LAB Eg\u00e9szs\u00e9g\u00fcgyi Kereskedelmi \u00e9s Szolg\u00e1ltat\u00f3 Kft.\",\"url\":\"https:\/\/medilab.mainpage.hu\/\",\"logo\":{\"@type\":\"ImageObject\",\"inLanguage\":\"en-US\",\"@id\":\"https:\/\/medilab.mainpage.hu\/#\/schema\/logo\/image\/\",\"url\":\"https:\/\/medilab.mainpage.hu\/wp-content\/uploads\/2020\/10\/logo_Logo-full-on-light-e1602319701988.png\",\"contentUrl\":\"https:\/\/medilab.mainpage.hu\/wp-content\/uploads\/2020\/10\/logo_Logo-full-on-light-e1602319701988.png\",\"width\":364,\"height\":197,\"caption\":\"MEDI-LAB Eg\u00e9szs\u00e9g\u00fcgyi Kereskedelmi \u00e9s Szolg\u00e1ltat\u00f3 Kft.\"},\"image\":{\"@id\":\"https:\/\/medilab.mainpage.hu\/#\/schema\/logo\/image\/\"},\"sameAs\":[\"https:\/\/www.facebook.com\/medilabhungary\",\"https:\/\/linkedin.com\/company\/medi-lab-ltd\/\"]}]}<\/script>\n<!-- \/ Yoast SEO plugin. -->","yoast_head_json":{"title":"Gyorstesztek, Antig\u00e9n \u00e9s Antitest kimutat\u00e1s - Medi-lab Labordiagnosztika","description":"A NADAL\u00ae gyorsteszt k\u00f6zvetlen\u00fcl \u00e9szleli a SARS-CoV-2 v\u00edrus specifikus feh\u00e9rj\u00e9j\u00e9nek jelenl\u00e9t\u00e9t. Az antig\u00e9n detekt\u00e1l\u00e1sa \u00edgy lez\u00e1r egy eddig nyitott diagnosztikai r\u00e9st \u00e9s teljess\u00e9 teszi a betegs\u00e9g kialakul\u00e1s\u00e1nak \u00e9s lefoly\u00e1s\u00e1nak detekt\u00e1l\u00e1s\u00e1t.","robots":{"index":"index","follow":"follow","max-snippet":"max-snippet:-1","max-image-preview":"max-image-preview:large","max-video-preview":"max-video-preview:-1"},"canonical":"https:\/\/medilab.mainpage.hu\/en\/gyorstesztek-antigen-es-antitest-kimutatas\/","og_locale":"en_US","og_type":"article","og_title":"Gyorstesztek, Antig\u00e9n \u00e9s Antitest kimutat\u00e1s","og_description":"A NADAL\u00ae COVID-19 antig\u00e9n gyorsteszt k\u00f6zvetlen\u00fcl \u00e9szleli a SARS-CoV-2 v\u00edrus specifikus feh\u00e9rj\u00e9j\u00e9nek jelenl\u00e9t\u00e9t. Az antig\u00e9n detekt\u00e1l\u00e1sa \u00edgy lez\u00e1r egy eddig nyitott diagnosztikai r\u00e9st \u00e9s teljess\u00e9 teszi a betegs\u00e9g kialakul\u00e1s\u00e1nak \u00e9s lefoly\u00e1s\u00e1nak detekt\u00e1l\u00e1s\u00e1t.","og_url":"https:\/\/medilab.mainpage.hu\/en\/gyorstesztek-antigen-es-antitest-kimutatas\/","og_site_name":"Medi-lab Labordiagnosztika","article_publisher":"https:\/\/www.facebook.com\/medilabhungary","article_modified_time":"2021-05-08T09:26:09+00:00","og_image":[{"width":785,"height":761,"url":"https:\/\/medilab.mainpage.hu\/wp-content\/uploads\/2020\/10\/Covid_19_IgG_IgM.jpg","type":"image\/jpeg"}],"twitter_card":"summary_large_image","twitter_misc":{"Est. reading time":"3 minutes"},"schema":{"@context":"https:\/\/schema.org","@graph":[{"@type":"WebPage","@id":"https:\/\/medilab.mainpage.hu\/gyorstesztek-antigen-es-antitest-kimutatas\/","url":"https:\/\/medilab.mainpage.hu\/gyorstesztek-antigen-es-antitest-kimutatas\/","name":"Gyorstesztek, Antig\u00e9n \u00e9s Antitest kimutat\u00e1s - Medi-lab Labordiagnosztika","isPartOf":{"@id":"https:\/\/medilab.mainpage.hu\/#website"},"datePublished":"2020-10-11T17:03:55+00:00","dateModified":"2021-05-08T09:26:09+00:00","description":"A NADAL\u00ae gyorsteszt k\u00f6zvetlen\u00fcl \u00e9szleli a SARS-CoV-2 v\u00edrus specifikus feh\u00e9rj\u00e9j\u00e9nek jelenl\u00e9t\u00e9t. Az antig\u00e9n detekt\u00e1l\u00e1sa \u00edgy lez\u00e1r egy eddig nyitott diagnosztikai r\u00e9st \u00e9s teljess\u00e9 teszi a betegs\u00e9g kialakul\u00e1s\u00e1nak \u00e9s lefoly\u00e1s\u00e1nak detekt\u00e1l\u00e1s\u00e1t.","breadcrumb":{"@id":"https:\/\/medilab.mainpage.hu\/gyorstesztek-antigen-es-antitest-kimutatas\/#breadcrumb"},"inLanguage":"en-US","potentialAction":[{"@type":"ReadAction","target":["https:\/\/medilab.mainpage.hu\/gyorstesztek-antigen-es-antitest-kimutatas\/"]}]},{"@type":"BreadcrumbList","@id":"https:\/\/medilab.mainpage.hu\/gyorstesztek-antigen-es-antitest-kimutatas\/#breadcrumb","itemListElement":[{"@type":"ListItem","position":1,"name":"Kezd\u0151lap","item":"https:\/\/medilab.mainpage.hu\/"},{"@type":"ListItem","position":2,"name":"Gyorstesztek, Antig\u00e9n \u00e9s Antitest kimutat\u00e1s"}]},{"@type":"WebSite","@id":"https:\/\/medilab.mainpage.hu\/#website","url":"https:\/\/medilab.mainpage.hu\/","name":"Medi-lab Labordiagnosztika","description":"Medi-lab Labordiagnosztika","publisher":{"@id":"https:\/\/medilab.mainpage.hu\/#organization"},"potentialAction":[{"@type":"SearchAction","target":{"@type":"EntryPoint","urlTemplate":"https:\/\/medilab.mainpage.hu\/?s={search_term_string}"},"query-input":"required name=search_term_string"}],"inLanguage":"en-US"},{"@type":"Organization","@id":"https:\/\/medilab.mainpage.hu\/#organization","name":"MEDI-LAB Eg\u00e9szs\u00e9g\u00fcgyi Kereskedelmi \u00e9s Szolg\u00e1ltat\u00f3 Kft.","url":"https:\/\/medilab.mainpage.hu\/","logo":{"@type":"ImageObject","inLanguage":"en-US","@id":"https:\/\/medilab.mainpage.hu\/#\/schema\/logo\/image\/","url":"https:\/\/medilab.mainpage.hu\/wp-content\/uploads\/2020\/10\/logo_Logo-full-on-light-e1602319701988.png","contentUrl":"https:\/\/medilab.mainpage.hu\/wp-content\/uploads\/2020\/10\/logo_Logo-full-on-light-e1602319701988.png","width":364,"height":197,"caption":"MEDI-LAB Eg\u00e9szs\u00e9g\u00fcgyi Kereskedelmi \u00e9s Szolg\u00e1ltat\u00f3 Kft."},"image":{"@id":"https:\/\/medilab.mainpage.hu\/#\/schema\/logo\/image\/"},"sameAs":["https:\/\/www.facebook.com\/medilabhungary","https:\/\/linkedin.com\/company\/medi-lab-ltd\/"]}]}},"_links":{"self":[{"href":"https:\/\/medilab.mainpage.hu\/en\/wp-json\/wp\/v2\/pages\/1617"}],"collection":[{"href":"https:\/\/medilab.mainpage.hu\/en\/wp-json\/wp\/v2\/pages"}],"about":[{"href":"https:\/\/medilab.mainpage.hu\/en\/wp-json\/wp\/v2\/types\/page"}],"author":[{"embeddable":true,"href":"https:\/\/medilab.mainpage.hu\/en\/wp-json\/wp\/v2\/users\/2"}],"replies":[{"embeddable":true,"href":"https:\/\/medilab.mainpage.hu\/en\/wp-json\/wp\/v2\/comments?post=1617"}],"version-history":[{"count":0,"href":"https:\/\/medilab.mainpage.hu\/en\/wp-json\/wp\/v2\/pages\/1617\/revisions"}],"wp:attachment":[{"href":"https:\/\/medilab.mainpage.hu\/en\/wp-json\/wp\/v2\/media?parent=1617"}],"curies":[{"name":"wp","href":"https:\/\/api.w.org\/{rel}","templated":true}]}}