{"id":1620,"date":"2020-10-11T17:05:42","date_gmt":"2020-10-11T17:05:42","guid":{"rendered":"http:\/\/medilab.mainpage.hu\/?page_id=1620"},"modified":"2021-02-05T09:57:51","modified_gmt":"2021-02-05T09:57:51","slug":"elisa-modszer","status":"publish","type":"page","link":"https:\/\/medilab.mainpage.hu\/en\/elisa-modszer\/","title":{"rendered":"ELISA m\u00f3dszer"},"content":{"rendered":"<p class=\"has-text-align-left\"><strong><em>IgG-, IgM<\/em><\/strong> izot\u00edpus\u00fa immunglobulinok (antitestek) kimutat\u00e1sa, \u00e9s<br><strong><em>IgG+<\/em><\/strong> konfirm\u00e1ci\u00f3s teszt a szervezet immun-st\u00e1tusz\u00e1nak felm\u00e9r\u00e9shez<\/p>\n\n\n\n<p>Az Generic Assay \u00e1ltal kifejlesztett \u00e9s gy\u00e1rtott ELISA tesztek egyr\u00e9szt a SARS-Covid-19 elleni IgG, \u00e9s IgM v\u00edrusspecifikus antitestek kimutat\u00e1s\u00e1ra alkalmasak, m\u00e1sr\u00e9szt lehet\u0151v\u00e9 teszik a kapott eredm\u00e9ny konfirm\u00e1l\u00e1s\u00e1t. Az IgG \u00e9s IgM <strong><em>sz\u0171r\u0151 <\/em><\/strong>tesztek mindh\u00e1rom f\u0151 immun-domin\u00e1ns feh\u00e9rj\u00e9t (N, S1, S2) differenci\u00e1l\u00e1s n\u00e9lk\u00fcl mutatj\u00e1k ki.<\/p>\n\n\n\n<figure class=\"wp-block-image size-full\"><img decoding=\"async\" loading=\"lazy\" width=\"485\" height=\"206\" src=\"http:\/\/medilab.mainpage.hu\/wp-content\/uploads\/2020\/10\/covid_web-2.jpg\" alt=\"\" class=\"wp-image-919\" srcset=\"https:\/\/medilab.mainpage.hu\/wp-content\/uploads\/2020\/10\/covid_web-2.jpg 485w, https:\/\/medilab.mainpage.hu\/wp-content\/uploads\/2020\/10\/covid_web-2-300x127.jpg 300w, https:\/\/medilab.mainpage.hu\/wp-content\/uploads\/2020\/10\/covid_web-2-16x7.jpg 16w\" sizes=\"(max-width: 485px) 100vw, 485px\" \/><\/figure>\n\n\n\n<p>Az IgG \u00e9s IgM sz\u0171r\u0151 tesztek mindh\u00e1rom f\u0151 immun-domin\u00e1ns feh\u00e9rj\u00e9t (N, S1, S2) differenci\u00e1l\u00e1s n\u00e9lk\u00fcl mutatj\u00e1k ki.<br><br>A pozit\u00edv eredm\u00e9ny <em><strong>konfirm\u00e1l\u00e1sa <\/strong><\/em>az <em><strong>IgG+<\/strong><\/em> reagenssel t\u00f6rt\u00e9nik, mely az immun-domin\u00e1ns feh\u00e9rj\u00e9k (N, S1, S2) k\u00fcl\u00f6n-k\u00fcl\u00f6n t\u00f6rt\u00e9n\u0151 kimutat\u00e1sa r\u00e9v\u00e9n egyr\u00e9szt seg\u00edti a szervezet egy\u00e9ni immunv\u00e9delm\u00e9nek \u00e9rt\u00e9kel\u00e9s\u00e9t, m\u00e1sr\u00e9szt megb\u00edzhat\u00f3 t\u00e1mogat\u00e1st ny\u00fajt a szervezetben esetleg el\u0151fordul\u00f3, m\u00e1s koronav\u00edrus feh\u00e9rj\u00e9kt\u0151l t\u00f6rt\u00e9n\u0151 megk\u00fcl\u00f6nb\u00f6ztet\u00e9s\u00e9hez.<\/p>\n\n\n\n<h5 class=\"wp-block-heading\">Diagnosztikai strat\u00e9gia:<\/h5>\n\n\n\n<ol><li>Nagy mintasz\u00e1m <strong><em>sz\u0171r\u00e9se IgG, IgM ELISA teszttel<\/em><\/strong> a f\u0151 immundomin\u00e1ns feh\u00e9rj\u00e9kre (N,S) n\u00e9zve:<br>a.) IgG\/IgM pozitivit\u00e1s: kor\u00e1bbi SARS-CoV-2 fert\u0151z\u00e9s nagyon val\u00f3sz\u00edn\u0171<br>b.) IgG pozitivit\u00e1s: kor\u00e1bbi SARS-CoV-2 fert\u0151z\u00e9s val\u00f3sz\u00edn\u0171<br>c.) IgM pozitivit\u00e1s: kor\u00e1bbi <strong><em>nem<\/em><\/strong>-SARS-CoV-2 vagy jelenlegi SARS-CoV-2 fert\u0151z\u00e9s val\u00f3sz\u00edn\u0171s\u00edthet\u0151, 10 nap ut\u00e1n a m\u00e9r\u00e9s ism\u00e9tl\u00e9se javasolt<\/li><li>A pozit\u00edv eredm\u00e9nyek meger\u0151s\u00edt\u00e9se \u00e9s differenci\u00e1l\u00e1sa az N,S1,S2 glikoproteinek reaktivit\u00e1s\u00e1nak meghat\u00e1roz\u00e1s\u00e1val az <strong><em>IgG+ konfirm\u00e1ci\u00f3s teszttel:<\/em><\/strong><br>a.) Ha mindh\u00e1rom antig\u00e9n pozit\u00edv: kor\u00e1bbi SARS-CoV-2 fert\u0151z\u00e9s nagyon val\u00f3sz\u00edn\u0171<br>b.) Ha a Nucleocapsid \u00e9s S1 vagy S2 protein pozit\u00edv: kor\u00e1bbi SARS-CoV-2 fert\u0151z\u00e9s val\u00f3sz\u00edn\u0171<br>c.) Ha a Nucleocapsid protein pozit\u00edv: 10 nap ut\u00e1n a m\u00e9r\u00e9s ism\u00e9tl\u00e9se javasolt<\/li><\/ol>\n\n\n\n<div class=\"wp-block-image\"><figure class=\"aligncenter size-large is-resized\"><img decoding=\"async\" loading=\"lazy\" src=\"http:\/\/medilab.mainpage.hu\/wp-content\/uploads\/2020\/10\/covid_web-4.jpg\" alt=\"SARS-CoV-2 lgG sz\u0171r\u0151teszt\" class=\"wp-image-921\" width=\"434\" height=\"359\" srcset=\"https:\/\/medilab.mainpage.hu\/wp-content\/uploads\/2020\/10\/covid_web-4.jpg 434w, https:\/\/medilab.mainpage.hu\/wp-content\/uploads\/2020\/10\/covid_web-4-300x248.jpg 300w, https:\/\/medilab.mainpage.hu\/wp-content\/uploads\/2020\/10\/covid_web-4-16x12.jpg 16w\" sizes=\"(max-width: 434px) 100vw, 434px\" \/><\/figure><\/div>\n\n\n\n<h2 class=\"wp-block-heading\">Teszteredm\u00e9nyek \u00e9rtelmez\u00e9se<\/h2>\n\n\n\n<div class=\"wp-block-image\"><figure class=\"aligncenter size-large\"><img decoding=\"async\" loading=\"lazy\" width=\"651\" height=\"443\" src=\"http:\/\/medilab.mainpage.hu\/wp-content\/uploads\/2020\/10\/covid_web-3.jpg\" alt=\"t\u00e1bl\u00e1zat a SARS-CoV-2 lgG teszt lehets\u00e9ges eredm\u00e9nyeir\u0151l\" class=\"wp-image-920\" srcset=\"https:\/\/medilab.mainpage.hu\/wp-content\/uploads\/2020\/10\/covid_web-3.jpg 651w, https:\/\/medilab.mainpage.hu\/wp-content\/uploads\/2020\/10\/covid_web-3-300x204.jpg 300w, https:\/\/medilab.mainpage.hu\/wp-content\/uploads\/2020\/10\/covid_web-3-16x12.jpg 16w\" sizes=\"(max-width: 651px) 100vw, 651px\" \/><\/figure><\/div>\n\n\n\n<div class=\"wp-block-columns are-vertically-aligned-center has-pale-cyan-blue-background-color has-background is-layout-flex wp-container-3 wp-block-columns-is-layout-flex\">\n<div class=\"wp-block-column is-vertically-aligned-center is-layout-flow wp-block-column-is-layout-flow\" style=\"flex-basis:66.66%\">\n<h3 class=\"wp-block-heading\">Szeretn\u00e9k k\u00e9rdezni a term\u00e9kekkel kapcsolatban!<\/h3>\n\n\n\n<div style=\"height:20px\" aria-hidden=\"true\" class=\"wp-block-spacer\"><\/div>\n<\/div>\n\n\n\n<div class=\"wp-block-column is-vertically-aligned-center is-layout-flow wp-block-column-is-layout-flow\" style=\"flex-basis:33.33%\">\n<a href=\"http:\/\/medilab.mainpage.hu\/en\/lepjen-velunk-kapcsolatba\/\"><button type=\"button\" style=\"width:100%; color:white; max-width:90%;\">Contact us<\/button><\/a>\n<\/div>\n<\/div>","protected":false},"excerpt":{"rendered":"<p>IgG-, IgM izot\u00edpus\u00fa immunglobulinok (antitestek) kimutat\u00e1sa, \u00e9sIgG+ konfirm\u00e1ci\u00f3s teszt a szervezet immun-st\u00e1tusz\u00e1nak felm\u00e9r\u00e9shez Az Generic Assay \u00e1ltal kifejlesztett \u00e9s gy\u00e1rtott ELISA tesztek egyr\u00e9szt a SARS-Covid-19 elleni IgG, \u00e9s IgM v\u00edrusspecifikus antitestek kimutat\u00e1s\u00e1ra alkalmasak, m\u00e1sr\u00e9szt lehet\u0151v\u00e9 teszik a kapott eredm\u00e9ny konfirm\u00e1l\u00e1s\u00e1t. Az IgG \u00e9s IgM sz\u0171r\u0151 tesztek mindh\u00e1rom f\u0151 immun-domin\u00e1ns feh\u00e9rj\u00e9t (N, S1, S2) differenci\u00e1l\u00e1s n\u00e9lk\u00fcl mutatj\u00e1k ki. Az IgG \u00e9s IgM sz\u0171r\u0151 tesztek mindh\u00e1rom f\u0151 immun-domin\u00e1ns feh\u00e9rj\u00e9t (N, S1, S2) differenci\u00e1l\u00e1s n\u00e9lk\u00fcl mutatj\u00e1k ki. A pozit\u00edv eredm\u00e9ny konfirm\u00e1l\u00e1sa az IgG+ reagenssel t\u00f6rt\u00e9nik, mely az immun-domin\u00e1ns feh\u00e9rj\u00e9k (N, S1, S2) k\u00fcl\u00f6n-k\u00fcl\u00f6n t\u00f6rt\u00e9n\u0151 kimutat\u00e1sa r\u00e9v\u00e9n egyr\u00e9szt seg\u00edti a szervezet egy\u00e9ni immunv\u00e9delm\u00e9nek \u00e9rt\u00e9kel\u00e9s\u00e9t,&#8230; <\/p>","protected":false},"author":2,"featured_media":0,"parent":0,"menu_order":0,"comment_status":"closed","ping_status":"closed","template":"","meta":{"footnotes":""},"yoast_head":"<!-- This site is optimized with the Yoast SEO plugin v21.8 - https:\/\/yoast.com\/wordpress\/plugins\/seo\/ -->\n<title>ELISA m\u00f3dszer - Medi-lab Labordiagnosztika<\/title>\n<meta name=\"description\" content=\"Az Generic Assay \u00e1ltal kifejlesztett \u00e9s gy\u00e1rtott ELISA tesztek egyr\u00e9szt a SARS-Covid-19 elleni IgG, \u00e9s IgM v\u00edrusspecifikus antitestek kimutat\u00e1s\u00e1ra alkalmasak, m\u00e1sr\u00e9szt lehet\u0151v\u00e9 teszik a kapott eredm\u00e9ny konfirm\u00e1l\u00e1s\u00e1t.\" \/>\n<meta name=\"robots\" content=\"index, follow, max-snippet:-1, max-image-preview:large, max-video-preview:-1\" \/>\n<link rel=\"canonical\" href=\"https:\/\/medilab.mainpage.hu\/en\/elisa-modszer\/\" \/>\n<meta property=\"og:locale\" content=\"en_US\" \/>\n<meta property=\"og:type\" content=\"article\" \/>\n<meta property=\"og:title\" content=\"ELISA m\u00f3dszer\" \/>\n<meta property=\"og:description\" content=\"Az Generic Assay \u00e1ltal kifejlesztett \u00e9s gy\u00e1rtott ELISA tesztek egyr\u00e9szt a SARS-Covid-19 elleni IgG, \u00e9s IgM v\u00edrusspecifikus antitestek kimutat\u00e1s\u00e1ra alkalmasak, m\u00e1sr\u00e9szt lehet\u0151v\u00e9 teszik a kapott eredm\u00e9ny konfirm\u00e1l\u00e1s\u00e1t.\" \/>\n<meta property=\"og:url\" content=\"https:\/\/medilab.mainpage.hu\/en\/elisa-modszer\/\" \/>\n<meta property=\"og:site_name\" content=\"Medi-lab Labordiagnosztika\" \/>\n<meta property=\"article:publisher\" content=\"https:\/\/www.facebook.com\/medilabhungary\" \/>\n<meta property=\"article:modified_time\" content=\"2021-02-05T09:57:51+00:00\" \/>\n<meta property=\"og:image\" content=\"https:\/\/medilab.mainpage.hu\/wp-content\/uploads\/2020\/10\/covid_web-4-edited.jpg\" \/>\n\t<meta property=\"og:image:width\" content=\"434\" \/>\n\t<meta property=\"og:image:height\" content=\"326\" \/>\n\t<meta property=\"og:image:type\" content=\"image\/jpeg\" \/>\n<meta name=\"twitter:card\" content=\"summary_large_image\" \/>\n<meta name=\"twitter:label1\" content=\"Est. reading time\" \/>\n\t<meta name=\"twitter:data1\" content=\"2 minutes\" \/>\n<script type=\"application\/ld+json\" class=\"yoast-schema-graph\">{\"@context\":\"https:\/\/schema.org\",\"@graph\":[{\"@type\":\"WebPage\",\"@id\":\"https:\/\/medilab.mainpage.hu\/elisa-modszer\/\",\"url\":\"https:\/\/medilab.mainpage.hu\/elisa-modszer\/\",\"name\":\"ELISA m\u00f3dszer - Medi-lab Labordiagnosztika\",\"isPartOf\":{\"@id\":\"https:\/\/medilab.mainpage.hu\/#website\"},\"datePublished\":\"2020-10-11T17:05:42+00:00\",\"dateModified\":\"2021-02-05T09:57:51+00:00\",\"description\":\"Az Generic Assay \u00e1ltal kifejlesztett \u00e9s gy\u00e1rtott ELISA tesztek egyr\u00e9szt a SARS-Covid-19 elleni IgG, \u00e9s IgM v\u00edrusspecifikus antitestek kimutat\u00e1s\u00e1ra alkalmasak, m\u00e1sr\u00e9szt lehet\u0151v\u00e9 teszik a kapott eredm\u00e9ny konfirm\u00e1l\u00e1s\u00e1t.\",\"breadcrumb\":{\"@id\":\"https:\/\/medilab.mainpage.hu\/elisa-modszer\/#breadcrumb\"},\"inLanguage\":\"en-US\",\"potentialAction\":[{\"@type\":\"ReadAction\",\"target\":[\"https:\/\/medilab.mainpage.hu\/elisa-modszer\/\"]}]},{\"@type\":\"BreadcrumbList\",\"@id\":\"https:\/\/medilab.mainpage.hu\/elisa-modszer\/#breadcrumb\",\"itemListElement\":[{\"@type\":\"ListItem\",\"position\":1,\"name\":\"Kezd\u0151lap\",\"item\":\"https:\/\/medilab.mainpage.hu\/\"},{\"@type\":\"ListItem\",\"position\":2,\"name\":\"ELISA m\u00f3dszer\"}]},{\"@type\":\"WebSite\",\"@id\":\"https:\/\/medilab.mainpage.hu\/#website\",\"url\":\"https:\/\/medilab.mainpage.hu\/\",\"name\":\"Medi-lab Labordiagnosztika\",\"description\":\"Medi-lab Labordiagnosztika\",\"publisher\":{\"@id\":\"https:\/\/medilab.mainpage.hu\/#organization\"},\"potentialAction\":[{\"@type\":\"SearchAction\",\"target\":{\"@type\":\"EntryPoint\",\"urlTemplate\":\"https:\/\/medilab.mainpage.hu\/?s={search_term_string}\"},\"query-input\":\"required name=search_term_string\"}],\"inLanguage\":\"en-US\"},{\"@type\":\"Organization\",\"@id\":\"https:\/\/medilab.mainpage.hu\/#organization\",\"name\":\"MEDI-LAB Eg\u00e9szs\u00e9g\u00fcgyi Kereskedelmi \u00e9s Szolg\u00e1ltat\u00f3 Kft.\",\"url\":\"https:\/\/medilab.mainpage.hu\/\",\"logo\":{\"@type\":\"ImageObject\",\"inLanguage\":\"en-US\",\"@id\":\"https:\/\/medilab.mainpage.hu\/#\/schema\/logo\/image\/\",\"url\":\"https:\/\/medilab.mainpage.hu\/wp-content\/uploads\/2020\/10\/logo_Logo-full-on-light-e1602319701988.png\",\"contentUrl\":\"https:\/\/medilab.mainpage.hu\/wp-content\/uploads\/2020\/10\/logo_Logo-full-on-light-e1602319701988.png\",\"width\":364,\"height\":197,\"caption\":\"MEDI-LAB Eg\u00e9szs\u00e9g\u00fcgyi Kereskedelmi \u00e9s Szolg\u00e1ltat\u00f3 Kft.\"},\"image\":{\"@id\":\"https:\/\/medilab.mainpage.hu\/#\/schema\/logo\/image\/\"},\"sameAs\":[\"https:\/\/www.facebook.com\/medilabhungary\",\"https:\/\/linkedin.com\/company\/medi-lab-ltd\/\"]}]}<\/script>\n<!-- \/ Yoast SEO plugin. -->","yoast_head_json":{"title":"ELISA m\u00f3dszer - Medi-lab Labordiagnosztika","description":"Az Generic Assay \u00e1ltal kifejlesztett \u00e9s gy\u00e1rtott ELISA tesztek egyr\u00e9szt a SARS-Covid-19 elleni IgG, \u00e9s IgM v\u00edrusspecifikus antitestek kimutat\u00e1s\u00e1ra alkalmasak, m\u00e1sr\u00e9szt lehet\u0151v\u00e9 teszik a kapott eredm\u00e9ny konfirm\u00e1l\u00e1s\u00e1t.","robots":{"index":"index","follow":"follow","max-snippet":"max-snippet:-1","max-image-preview":"max-image-preview:large","max-video-preview":"max-video-preview:-1"},"canonical":"https:\/\/medilab.mainpage.hu\/en\/elisa-modszer\/","og_locale":"en_US","og_type":"article","og_title":"ELISA m\u00f3dszer","og_description":"Az Generic Assay \u00e1ltal kifejlesztett \u00e9s gy\u00e1rtott ELISA tesztek egyr\u00e9szt a SARS-Covid-19 elleni IgG, \u00e9s IgM v\u00edrusspecifikus antitestek kimutat\u00e1s\u00e1ra alkalmasak, m\u00e1sr\u00e9szt lehet\u0151v\u00e9 teszik a kapott eredm\u00e9ny konfirm\u00e1l\u00e1s\u00e1t.","og_url":"https:\/\/medilab.mainpage.hu\/en\/elisa-modszer\/","og_site_name":"Medi-lab Labordiagnosztika","article_publisher":"https:\/\/www.facebook.com\/medilabhungary","article_modified_time":"2021-02-05T09:57:51+00:00","og_image":[{"width":434,"height":326,"url":"https:\/\/medilab.mainpage.hu\/wp-content\/uploads\/2020\/10\/covid_web-4-edited.jpg","type":"image\/jpeg"}],"twitter_card":"summary_large_image","twitter_misc":{"Est. reading time":"2 minutes"},"schema":{"@context":"https:\/\/schema.org","@graph":[{"@type":"WebPage","@id":"https:\/\/medilab.mainpage.hu\/elisa-modszer\/","url":"https:\/\/medilab.mainpage.hu\/elisa-modszer\/","name":"ELISA m\u00f3dszer - Medi-lab Labordiagnosztika","isPartOf":{"@id":"https:\/\/medilab.mainpage.hu\/#website"},"datePublished":"2020-10-11T17:05:42+00:00","dateModified":"2021-02-05T09:57:51+00:00","description":"Az Generic Assay \u00e1ltal kifejlesztett \u00e9s gy\u00e1rtott ELISA tesztek egyr\u00e9szt a SARS-Covid-19 elleni IgG, \u00e9s IgM v\u00edrusspecifikus antitestek kimutat\u00e1s\u00e1ra alkalmasak, m\u00e1sr\u00e9szt lehet\u0151v\u00e9 teszik a kapott eredm\u00e9ny konfirm\u00e1l\u00e1s\u00e1t.","breadcrumb":{"@id":"https:\/\/medilab.mainpage.hu\/elisa-modszer\/#breadcrumb"},"inLanguage":"en-US","potentialAction":[{"@type":"ReadAction","target":["https:\/\/medilab.mainpage.hu\/elisa-modszer\/"]}]},{"@type":"BreadcrumbList","@id":"https:\/\/medilab.mainpage.hu\/elisa-modszer\/#breadcrumb","itemListElement":[{"@type":"ListItem","position":1,"name":"Kezd\u0151lap","item":"https:\/\/medilab.mainpage.hu\/"},{"@type":"ListItem","position":2,"name":"ELISA m\u00f3dszer"}]},{"@type":"WebSite","@id":"https:\/\/medilab.mainpage.hu\/#website","url":"https:\/\/medilab.mainpage.hu\/","name":"Medi-lab Labordiagnosztika","description":"Medi-lab Labordiagnosztika","publisher":{"@id":"https:\/\/medilab.mainpage.hu\/#organization"},"potentialAction":[{"@type":"SearchAction","target":{"@type":"EntryPoint","urlTemplate":"https:\/\/medilab.mainpage.hu\/?s={search_term_string}"},"query-input":"required name=search_term_string"}],"inLanguage":"en-US"},{"@type":"Organization","@id":"https:\/\/medilab.mainpage.hu\/#organization","name":"MEDI-LAB Eg\u00e9szs\u00e9g\u00fcgyi Kereskedelmi \u00e9s Szolg\u00e1ltat\u00f3 Kft.","url":"https:\/\/medilab.mainpage.hu\/","logo":{"@type":"ImageObject","inLanguage":"en-US","@id":"https:\/\/medilab.mainpage.hu\/#\/schema\/logo\/image\/","url":"https:\/\/medilab.mainpage.hu\/wp-content\/uploads\/2020\/10\/logo_Logo-full-on-light-e1602319701988.png","contentUrl":"https:\/\/medilab.mainpage.hu\/wp-content\/uploads\/2020\/10\/logo_Logo-full-on-light-e1602319701988.png","width":364,"height":197,"caption":"MEDI-LAB Eg\u00e9szs\u00e9g\u00fcgyi Kereskedelmi \u00e9s Szolg\u00e1ltat\u00f3 Kft."},"image":{"@id":"https:\/\/medilab.mainpage.hu\/#\/schema\/logo\/image\/"},"sameAs":["https:\/\/www.facebook.com\/medilabhungary","https:\/\/linkedin.com\/company\/medi-lab-ltd\/"]}]}},"_links":{"self":[{"href":"https:\/\/medilab.mainpage.hu\/en\/wp-json\/wp\/v2\/pages\/1620"}],"collection":[{"href":"https:\/\/medilab.mainpage.hu\/en\/wp-json\/wp\/v2\/pages"}],"about":[{"href":"https:\/\/medilab.mainpage.hu\/en\/wp-json\/wp\/v2\/types\/page"}],"author":[{"embeddable":true,"href":"https:\/\/medilab.mainpage.hu\/en\/wp-json\/wp\/v2\/users\/2"}],"replies":[{"embeddable":true,"href":"https:\/\/medilab.mainpage.hu\/en\/wp-json\/wp\/v2\/comments?post=1620"}],"version-history":[{"count":0,"href":"https:\/\/medilab.mainpage.hu\/en\/wp-json\/wp\/v2\/pages\/1620\/revisions"}],"wp:attachment":[{"href":"https:\/\/medilab.mainpage.hu\/en\/wp-json\/wp\/v2\/media?parent=1620"}],"curies":[{"name":"wp","href":"https:\/\/api.w.org\/{rel}","templated":true}]}}