{"id":1625,"date":"2020-10-11T17:11:40","date_gmt":"2020-10-11T17:11:40","guid":{"rendered":"http:\/\/medilab.mainpage.hu\/?page_id=1625"},"modified":"2021-02-05T10:08:12","modified_gmt":"2021-02-05T10:08:12","slug":"pcr-modszer","status":"publish","type":"page","link":"https:\/\/medilab.mainpage.hu\/en\/pcr-modszer\/","title":{"rendered":"PCR m\u00f3dszer"},"content":{"rendered":"<p class=\"has-text-align-left\">Fert\u0151z\u00e9s detekt\u00e1l\u00e1sa <strong><em>ny\u00e1l mint\u00e1b\u00f3l is<\/em><\/strong><br>V\u00edrus RNS extrakci\u00f3s kitek<br>SARS-COV-2 <em><strong>Triplex <\/strong><\/em>PCR diagnosztikai teszt<\/p>\n\n\n\n<p>Az Astra Biotech GmbH. a molekul\u00e1ris biol\u00f3giai m\u00f3dszerekhez \u2013 \u00fagy mint PCR \u00e9s microarray \u2013 sz\u00fcks\u00e9ges magas sz\u00ednvonal\u00fa, min\u0151s\u00e9gi reagensek gy\u00e1rt\u00f3ja.<\/p>\n\n\n\n<p>A CoVID-19 kih\u00edv\u00e1sra adott \u00e1tfog\u00f3 v\u00e1laszuk <strong><em>komplett <\/em><\/strong>\u00e9s innovat\u00edv megold\u00e1st ny\u00fajt a diagnosztikai laborat\u00f3riumok sz\u00e1m\u00e1ra.<\/p>\n\n\n\n<p>Gy\u00e1rt\u00f3: Astra Biotech GmbH. N\u00e9metorsz\u00e1g<br><br><strong>1.\/ Extrakci\u00f3s kitek:<\/strong><\/p>\n\n\n\n<ul><li>Prime RNS extrakci\u00f3s kit<\/li><li>M\u00e1gneses RNS extrakci\u00f3s kit<\/li><\/ul>\n\n\n\n<div class=\"wp-block-group alignwide\"><div class=\"wp-block-group__inner-container is-layout-flow wp-block-group-is-layout-flow\">\n<figure class=\"wp-block-image size-full is-resized\"><img decoding=\"async\" loading=\"lazy\" src=\"http:\/\/medilab.mainpage.hu\/wp-content\/uploads\/2020\/10\/covid_web-5.jpg\" alt=\"SARS-COVID Vv\u00edrus RNS extrakci\u00f3\" class=\"wp-image-922\" width=\"585\" height=\"341\" srcset=\"https:\/\/medilab.mainpage.hu\/wp-content\/uploads\/2020\/10\/covid_web-5.jpg 457w, https:\/\/medilab.mainpage.hu\/wp-content\/uploads\/2020\/10\/covid_web-5-300x175.jpg 300w, https:\/\/medilab.mainpage.hu\/wp-content\/uploads\/2020\/10\/covid_web-5-16x9.jpg 16w\" sizes=\"(max-width: 585px) 100vw, 585px\" \/><\/figure>\n<\/div><\/div>\n\n\n\n<p><strong>2.\/ PCR kit:<\/strong><br>A reagens egyl\u00e9p\u00e9ses (egy cs\u00f6ves kivitelez\u00e9s\u0171), val\u00f3s idej\u0171 PCR teszt, a v\u00edrus nukleinsav kvalitat\u00edv kimutat\u00e1s\u00e1ra szolg\u00e1l 90 perc alatt, az al\u00e1bbi paciens mint\u00e1kb\u00f3l:<\/p>\n\n\n\n<ul><li>orr-garat-,<\/li><li>sz\u00e1j-garat- vagy<\/li><li><strong><em>ny\u00e1l mint\u00e1b\u00f3l.<\/em><\/strong><\/li><\/ul>\n\n\n\n<p>Az Astra Biotech GmbH. tesztje a v\u00edrus genetikai \u00e1llom\u00e1ny\u00e1nak h\u00e1rom r\u00e9gi\u00f3j\u00e1t k\u00fcl\u00f6n-k\u00fcl\u00f6n detekt\u00e1lja: <em><strong>ORF1ab <\/strong><\/em>(az RdRp r\u00e9gi\u00f3n bel\u00fcl), <strong><em>ORF8<\/em><\/strong>, \u00e9s <strong><em>N<\/em><\/strong>. Ezen g\u00e9nfel\u00fcletekb\u0151l kett\u0151 a WHO aj\u00e1nl\u00e1s\u00e1nak megfelel.<\/p>\n\n\n\n<p>\u00cdgy, az \u00fagynevezett <strong><em>Triplex <\/em><\/strong>teszt specificit\u00e1sa nagy \u00e9rz\u00e9kenys\u00e9g\u0171nek tekinthet\u0151 \u00e9s biztons\u00e1gosabb a v\u00edrus kimutat\u00e1sa a lehets\u00e9ges mut\u00e1ci\u00f3k eset\u00e9n is.<\/p>\n\n\n\n<div class=\"wp-block-image\"><figure class=\"aligncenter size-large\"><img decoding=\"async\" loading=\"lazy\" width=\"1024\" height=\"288\" src=\"http:\/\/medilab.mainpage.hu\/wp-content\/uploads\/2020\/10\/covid_web-6-1024x288.jpg\" alt=\"\" class=\"wp-image-923\" srcset=\"https:\/\/medilab.mainpage.hu\/wp-content\/uploads\/2020\/10\/covid_web-6-1024x288.jpg 1024w, https:\/\/medilab.mainpage.hu\/wp-content\/uploads\/2020\/10\/covid_web-6-300x84.jpg 300w, https:\/\/medilab.mainpage.hu\/wp-content\/uploads\/2020\/10\/covid_web-6-768x216.jpg 768w, https:\/\/medilab.mainpage.hu\/wp-content\/uploads\/2020\/10\/covid_web-6-16x5.jpg 16w, https:\/\/medilab.mainpage.hu\/wp-content\/uploads\/2020\/10\/covid_web-6.jpg 1232w\" sizes=\"(max-width: 1024px) 100vw, 1024px\" \/><\/figure><\/div>\n\n\n\n<p>A teljes diagnosztikai folyamat (minta gy\u0171jt\u00e9s, minta transzport, RNS extrakci\u00f3, PCR m\u00e9r\u00e9s) ellen\u0151rz\u00e9s\u00e9t a \u201emaster mix\u201d-ben l\u00e9v\u0151 <em><strong>bels\u0151 kontroll <\/strong><\/em><strong><em>(IC)<\/em><\/strong> biztos\u00edtja, extra munkaf\u00e1zis n\u00e9lk\u00fcl.<\/p>\n\n\n\n<p>A <em><strong>pozit\u00edv kontroll <\/strong><\/em>a RT-PCR min\u0151s\u00e9g\u00e9t monitorozza, a <strong><em>negat\u00edv kontroll<\/em><\/strong> a lehets\u00e9ges kontamin\u00e1ci\u00f3s esetek kisz\u0171r\u00e9s\u00e9t szolg\u00e1lja.<\/p>\n\n\n\n<p><strong>A PRC reagens az al\u00e1bbi k\u00e9sz\u00fcl\u00e9kekre valid\u00e1lt:<\/strong><\/p>\n\n\n\n<ul><li>-Qiagen Rotor-Gene Q (haszn\u00e1lhat\u00f3 a Corbett Research Rotor-Gene 3000\/6000-hez),<\/li><li>-Bio-Rad CFX96 (haszn\u00e1lhat\u00f3 a CFX96 Touch-al),<\/li><li>-DNA-Technology DTprime (\u00f6sszef\u00fcgg\u00e9sben a DTlite, SaCycler-el),<\/li><li>-Roche Light Cycler<\/li><\/ul>\n\n\n\n<div class=\"wp-block-columns has-pale-cyan-blue-background-color has-background is-layout-flex wp-container-4 wp-block-columns-is-layout-flex\">\n<div class=\"wp-block-column is-layout-flow wp-block-column-is-layout-flow\" style=\"flex-basis:66.66%\">\n<h3 style=\"margin-top:1em;\">K\u00e9rd\u00e9se van? Seg\u00edt\u00fcnk!<\/h3>\n<\/div>\n\n\n\n<div class=\"wp-block-column is-layout-flow wp-block-column-is-layout-flow\" style=\"flex-basis:33.33%\">\n<button type=\"button\" href=\":blank\" style=\"width:100%; max-width: 100%; margin-top:1.2em;\">Contact us<\/button>\n<\/div>\n<\/div>\n\n\n\n<p><\/p>","protected":false},"excerpt":{"rendered":"<p>Fert\u0151z\u00e9s detekt\u00e1l\u00e1sa ny\u00e1l mint\u00e1b\u00f3l isV\u00edrus RNS extrakci\u00f3s kitekSARS-COV-2 Triplex PCR diagnosztikai teszt Az Astra Biotech GmbH. a molekul\u00e1ris biol\u00f3giai m\u00f3dszerekhez \u2013 \u00fagy mint PCR \u00e9s microarray \u2013 sz\u00fcks\u00e9ges magas sz\u00ednvonal\u00fa, min\u0151s\u00e9gi reagensek gy\u00e1rt\u00f3ja. A CoVID-19 kih\u00edv\u00e1sra adott \u00e1tfog\u00f3 v\u00e1laszuk komplett \u00e9s innovat\u00edv megold\u00e1st ny\u00fajt a diagnosztikai laborat\u00f3riumok sz\u00e1m\u00e1ra. Gy\u00e1rt\u00f3: Astra Biotech GmbH. N\u00e9metorsz\u00e1g 1.\/ Extrakci\u00f3s kitek: Prime RNS extrakci\u00f3s kit M\u00e1gneses RNS extrakci\u00f3s kit 2.\/ PCR kit:A reagens egyl\u00e9p\u00e9ses (egy cs\u00f6ves kivitelez\u00e9s\u0171), val\u00f3s idej\u0171 PCR teszt, a v\u00edrus nukleinsav kvalitat\u00edv kimutat\u00e1s\u00e1ra szolg\u00e1l 90 perc alatt, az al\u00e1bbi paciens mint\u00e1kb\u00f3l: orr-garat-, sz\u00e1j-garat- vagy ny\u00e1l mint\u00e1b\u00f3l. Az Astra Biotech GmbH. tesztje a&#8230; <\/p>","protected":false},"author":2,"featured_media":0,"parent":0,"menu_order":0,"comment_status":"closed","ping_status":"closed","template":"","meta":{"footnotes":""},"yoast_head":"<!-- This site is optimized with the Yoast SEO plugin v21.8 - https:\/\/yoast.com\/wordpress\/plugins\/seo\/ -->\n<title>PCR m\u00f3dszer - Medi-lab Labordiagnosztika<\/title>\n<meta name=\"description\" content=\"Az Astra Biotech GmbH. a molekul\u00e1ris biol\u00f3giai m\u00f3dszerekhez sz\u00fcks\u00e9ges magas sz\u00ednvonal\u00fa, min\u0151s\u00e9gi reagensek gy\u00e1rt\u00f3ja. A CoVID-19 kih\u00edv\u00e1sra adott \u00e1tfog\u00f3 v\u00e1laszuk komplett \u00e9s innovat\u00edv megold\u00e1st ny\u00fajt a diagnosztikai laborat\u00f3riumok sz\u00e1m\u00e1ra.\" \/>\n<meta name=\"robots\" content=\"index, follow, max-snippet:-1, max-image-preview:large, max-video-preview:-1\" \/>\n<link rel=\"canonical\" href=\"https:\/\/medilab.mainpage.hu\/en\/pcr-modszer\/\" \/>\n<meta property=\"og:locale\" content=\"en_US\" \/>\n<meta property=\"og:type\" content=\"article\" \/>\n<meta property=\"og:title\" content=\"PCR m\u00f3dszer\" \/>\n<meta property=\"og:description\" content=\"Az Astra Biotech GmbH. a molekul\u00e1ris biol\u00f3giai m\u00f3dszerekhez sz\u00fcks\u00e9ges magas sz\u00ednvonal\u00fa, min\u0151s\u00e9gi reagensek gy\u00e1rt\u00f3ja. A CoVID-19 kih\u00edv\u00e1sra adott \u00e1tfog\u00f3 v\u00e1laszuk komplett \u00e9s innovat\u00edv megold\u00e1st ny\u00fajt a diagnosztikai laborat\u00f3riumok sz\u00e1m\u00e1ra.\" \/>\n<meta property=\"og:url\" content=\"https:\/\/medilab.mainpage.hu\/en\/pcr-modszer\/\" \/>\n<meta property=\"og:site_name\" content=\"Medi-lab Labordiagnosztika\" \/>\n<meta property=\"article:publisher\" content=\"https:\/\/www.facebook.com\/medilabhungary\" \/>\n<meta property=\"article:modified_time\" content=\"2021-02-05T10:08:12+00:00\" \/>\n<meta property=\"og:image\" content=\"https:\/\/medilab.mainpage.hu\/wp-content\/uploads\/2020\/10\/covid_web-5-edited.jpg\" \/>\n\t<meta property=\"og:image:width\" content=\"354\" \/>\n\t<meta property=\"og:image:height\" content=\"266\" \/>\n\t<meta property=\"og:image:type\" content=\"image\/jpeg\" \/>\n<meta name=\"twitter:card\" content=\"summary_large_image\" \/>\n<meta name=\"twitter:label1\" content=\"Est. reading time\" \/>\n\t<meta name=\"twitter:data1\" content=\"2 minutes\" \/>\n<script type=\"application\/ld+json\" class=\"yoast-schema-graph\">{\"@context\":\"https:\/\/schema.org\",\"@graph\":[{\"@type\":\"WebPage\",\"@id\":\"https:\/\/medilab.mainpage.hu\/pcr-modszer\/\",\"url\":\"https:\/\/medilab.mainpage.hu\/pcr-modszer\/\",\"name\":\"PCR m\u00f3dszer - Medi-lab Labordiagnosztika\",\"isPartOf\":{\"@id\":\"https:\/\/medilab.mainpage.hu\/#website\"},\"datePublished\":\"2020-10-11T17:11:40+00:00\",\"dateModified\":\"2021-02-05T10:08:12+00:00\",\"description\":\"Az Astra Biotech GmbH. a molekul\u00e1ris biol\u00f3giai m\u00f3dszerekhez sz\u00fcks\u00e9ges magas sz\u00ednvonal\u00fa, min\u0151s\u00e9gi reagensek gy\u00e1rt\u00f3ja. A CoVID-19 kih\u00edv\u00e1sra adott \u00e1tfog\u00f3 v\u00e1laszuk komplett \u00e9s innovat\u00edv megold\u00e1st ny\u00fajt a diagnosztikai laborat\u00f3riumok sz\u00e1m\u00e1ra.\",\"breadcrumb\":{\"@id\":\"https:\/\/medilab.mainpage.hu\/pcr-modszer\/#breadcrumb\"},\"inLanguage\":\"en-US\",\"potentialAction\":[{\"@type\":\"ReadAction\",\"target\":[\"https:\/\/medilab.mainpage.hu\/pcr-modszer\/\"]}]},{\"@type\":\"BreadcrumbList\",\"@id\":\"https:\/\/medilab.mainpage.hu\/pcr-modszer\/#breadcrumb\",\"itemListElement\":[{\"@type\":\"ListItem\",\"position\":1,\"name\":\"Kezd\u0151lap\",\"item\":\"https:\/\/medilab.mainpage.hu\/\"},{\"@type\":\"ListItem\",\"position\":2,\"name\":\"PCR m\u00f3dszer\"}]},{\"@type\":\"WebSite\",\"@id\":\"https:\/\/medilab.mainpage.hu\/#website\",\"url\":\"https:\/\/medilab.mainpage.hu\/\",\"name\":\"Medi-lab Labordiagnosztika\",\"description\":\"Medi-lab Labordiagnosztika\",\"publisher\":{\"@id\":\"https:\/\/medilab.mainpage.hu\/#organization\"},\"potentialAction\":[{\"@type\":\"SearchAction\",\"target\":{\"@type\":\"EntryPoint\",\"urlTemplate\":\"https:\/\/medilab.mainpage.hu\/?s={search_term_string}\"},\"query-input\":\"required name=search_term_string\"}],\"inLanguage\":\"en-US\"},{\"@type\":\"Organization\",\"@id\":\"https:\/\/medilab.mainpage.hu\/#organization\",\"name\":\"MEDI-LAB Eg\u00e9szs\u00e9g\u00fcgyi Kereskedelmi \u00e9s Szolg\u00e1ltat\u00f3 Kft.\",\"url\":\"https:\/\/medilab.mainpage.hu\/\",\"logo\":{\"@type\":\"ImageObject\",\"inLanguage\":\"en-US\",\"@id\":\"https:\/\/medilab.mainpage.hu\/#\/schema\/logo\/image\/\",\"url\":\"https:\/\/medilab.mainpage.hu\/wp-content\/uploads\/2020\/10\/logo_Logo-full-on-light-e1602319701988.png\",\"contentUrl\":\"https:\/\/medilab.mainpage.hu\/wp-content\/uploads\/2020\/10\/logo_Logo-full-on-light-e1602319701988.png\",\"width\":364,\"height\":197,\"caption\":\"MEDI-LAB Eg\u00e9szs\u00e9g\u00fcgyi Kereskedelmi \u00e9s Szolg\u00e1ltat\u00f3 Kft.\"},\"image\":{\"@id\":\"https:\/\/medilab.mainpage.hu\/#\/schema\/logo\/image\/\"},\"sameAs\":[\"https:\/\/www.facebook.com\/medilabhungary\",\"https:\/\/linkedin.com\/company\/medi-lab-ltd\/\"]}]}<\/script>\n<!-- \/ Yoast SEO plugin. -->","yoast_head_json":{"title":"PCR m\u00f3dszer - Medi-lab Labordiagnosztika","description":"Az Astra Biotech GmbH. a molekul\u00e1ris biol\u00f3giai m\u00f3dszerekhez sz\u00fcks\u00e9ges magas sz\u00ednvonal\u00fa, min\u0151s\u00e9gi reagensek gy\u00e1rt\u00f3ja. A CoVID-19 kih\u00edv\u00e1sra adott \u00e1tfog\u00f3 v\u00e1laszuk komplett \u00e9s innovat\u00edv megold\u00e1st ny\u00fajt a diagnosztikai laborat\u00f3riumok sz\u00e1m\u00e1ra.","robots":{"index":"index","follow":"follow","max-snippet":"max-snippet:-1","max-image-preview":"max-image-preview:large","max-video-preview":"max-video-preview:-1"},"canonical":"https:\/\/medilab.mainpage.hu\/en\/pcr-modszer\/","og_locale":"en_US","og_type":"article","og_title":"PCR m\u00f3dszer","og_description":"Az Astra Biotech GmbH. a molekul\u00e1ris biol\u00f3giai m\u00f3dszerekhez sz\u00fcks\u00e9ges magas sz\u00ednvonal\u00fa, min\u0151s\u00e9gi reagensek gy\u00e1rt\u00f3ja. A CoVID-19 kih\u00edv\u00e1sra adott \u00e1tfog\u00f3 v\u00e1laszuk komplett \u00e9s innovat\u00edv megold\u00e1st ny\u00fajt a diagnosztikai laborat\u00f3riumok sz\u00e1m\u00e1ra.","og_url":"https:\/\/medilab.mainpage.hu\/en\/pcr-modszer\/","og_site_name":"Medi-lab Labordiagnosztika","article_publisher":"https:\/\/www.facebook.com\/medilabhungary","article_modified_time":"2021-02-05T10:08:12+00:00","og_image":[{"width":354,"height":266,"url":"https:\/\/medilab.mainpage.hu\/wp-content\/uploads\/2020\/10\/covid_web-5-edited.jpg","type":"image\/jpeg"}],"twitter_card":"summary_large_image","twitter_misc":{"Est. reading time":"2 minutes"},"schema":{"@context":"https:\/\/schema.org","@graph":[{"@type":"WebPage","@id":"https:\/\/medilab.mainpage.hu\/pcr-modszer\/","url":"https:\/\/medilab.mainpage.hu\/pcr-modszer\/","name":"PCR m\u00f3dszer - Medi-lab Labordiagnosztika","isPartOf":{"@id":"https:\/\/medilab.mainpage.hu\/#website"},"datePublished":"2020-10-11T17:11:40+00:00","dateModified":"2021-02-05T10:08:12+00:00","description":"Az Astra Biotech GmbH. a molekul\u00e1ris biol\u00f3giai m\u00f3dszerekhez sz\u00fcks\u00e9ges magas sz\u00ednvonal\u00fa, min\u0151s\u00e9gi reagensek gy\u00e1rt\u00f3ja. A CoVID-19 kih\u00edv\u00e1sra adott \u00e1tfog\u00f3 v\u00e1laszuk komplett \u00e9s innovat\u00edv megold\u00e1st ny\u00fajt a diagnosztikai laborat\u00f3riumok sz\u00e1m\u00e1ra.","breadcrumb":{"@id":"https:\/\/medilab.mainpage.hu\/pcr-modszer\/#breadcrumb"},"inLanguage":"en-US","potentialAction":[{"@type":"ReadAction","target":["https:\/\/medilab.mainpage.hu\/pcr-modszer\/"]}]},{"@type":"BreadcrumbList","@id":"https:\/\/medilab.mainpage.hu\/pcr-modszer\/#breadcrumb","itemListElement":[{"@type":"ListItem","position":1,"name":"Kezd\u0151lap","item":"https:\/\/medilab.mainpage.hu\/"},{"@type":"ListItem","position":2,"name":"PCR m\u00f3dszer"}]},{"@type":"WebSite","@id":"https:\/\/medilab.mainpage.hu\/#website","url":"https:\/\/medilab.mainpage.hu\/","name":"Medi-lab Labordiagnosztika","description":"Medi-lab Labordiagnosztika","publisher":{"@id":"https:\/\/medilab.mainpage.hu\/#organization"},"potentialAction":[{"@type":"SearchAction","target":{"@type":"EntryPoint","urlTemplate":"https:\/\/medilab.mainpage.hu\/?s={search_term_string}"},"query-input":"required name=search_term_string"}],"inLanguage":"en-US"},{"@type":"Organization","@id":"https:\/\/medilab.mainpage.hu\/#organization","name":"MEDI-LAB Eg\u00e9szs\u00e9g\u00fcgyi Kereskedelmi \u00e9s Szolg\u00e1ltat\u00f3 Kft.","url":"https:\/\/medilab.mainpage.hu\/","logo":{"@type":"ImageObject","inLanguage":"en-US","@id":"https:\/\/medilab.mainpage.hu\/#\/schema\/logo\/image\/","url":"https:\/\/medilab.mainpage.hu\/wp-content\/uploads\/2020\/10\/logo_Logo-full-on-light-e1602319701988.png","contentUrl":"https:\/\/medilab.mainpage.hu\/wp-content\/uploads\/2020\/10\/logo_Logo-full-on-light-e1602319701988.png","width":364,"height":197,"caption":"MEDI-LAB Eg\u00e9szs\u00e9g\u00fcgyi Kereskedelmi \u00e9s Szolg\u00e1ltat\u00f3 Kft."},"image":{"@id":"https:\/\/medilab.mainpage.hu\/#\/schema\/logo\/image\/"},"sameAs":["https:\/\/www.facebook.com\/medilabhungary","https:\/\/linkedin.com\/company\/medi-lab-ltd\/"]}]}},"_links":{"self":[{"href":"https:\/\/medilab.mainpage.hu\/en\/wp-json\/wp\/v2\/pages\/1625"}],"collection":[{"href":"https:\/\/medilab.mainpage.hu\/en\/wp-json\/wp\/v2\/pages"}],"about":[{"href":"https:\/\/medilab.mainpage.hu\/en\/wp-json\/wp\/v2\/types\/page"}],"author":[{"embeddable":true,"href":"https:\/\/medilab.mainpage.hu\/en\/wp-json\/wp\/v2\/users\/2"}],"replies":[{"embeddable":true,"href":"https:\/\/medilab.mainpage.hu\/en\/wp-json\/wp\/v2\/comments?post=1625"}],"version-history":[{"count":0,"href":"https:\/\/medilab.mainpage.hu\/en\/wp-json\/wp\/v2\/pages\/1625\/revisions"}],"wp:attachment":[{"href":"https:\/\/medilab.mainpage.hu\/en\/wp-json\/wp\/v2\/media?parent=1625"}],"curies":[{"name":"wp","href":"https:\/\/api.w.org\/{rel}","templated":true}]}}