{"id":33,"date":"2020-09-30T18:17:54","date_gmt":"2020-09-30T18:17:54","guid":{"rendered":"http:\/\/medilab.mainpage.hu\/?page_id=33"},"modified":"2020-09-30T18:17:54","modified_gmt":"2020-09-30T18:17:54","slug":"covid-19-igg-igm-gyorsteszt","status":"publish","type":"page","link":"https:\/\/medilab.mainpage.hu\/en\/covid-19-igg-igm-gyorsteszt\/","title":{"rendered":"COVID-19 IgG\/IgM gyorsteszt"},"content":{"rendered":"<p>A NADAL<sup>\u00ae<\/sup>&nbsp;COVID-19 IgG\/IgM teszt n\u00e9met gy\u00e1rt\u00f3c\u00e9g \u00e1ltal el\u0151\u00e1ll\u00edtott, a forgalmaz\u00e1shoz sz\u00fcks\u00e9ges magyarorsz\u00e1gi Hat\u00f3s\u00e1gi Bizony\u00edtv\u00e1nnyal rendelkez\u0151, kiz\u00e1r\u00f3lag professzion\u00e1lis felhaszn\u00e1l\u00e1s c\u00e9lra k\u00e9sz\u00fclt human in-vitro diagnosztikai eszk\u00f6z.<\/p>\n\n\n\n<p>A NADAL\u00ae COVID-19 IgG\/IgM teszt a t\u00fcneteket mutat\u00f3 betegek anti- SARS-CoV-2 IgG \u00e9s&nbsp;&nbsp;IgM antitestjeinek emberi teljes v\u00e9rb\u0151l, sz\u00e9rumb\u00f3l vagy plazm\u00e1b\u00f3l t\u00f6rt\u00e9n\u0151 kimutat\u00e1s\u00e1ra alkalmas lateral-flow t\u00edpus\u00fa kvalitat\u00edv kromatogr\u00e1fi\u00e1s gyorsteszt.<\/p>\n\n\n\n<p>A vizsg\u00e1lat elv\u00e9gz\u00e9se szakember \u00e1ltal javasolt, amihez ki\u00e9rt\u00e9kel\u0151 m\u0171szer vagy speci\u00e1lis laborat\u00f3riumi eszk\u00f6z nem sz\u00fcks\u00e9ges.<\/p>\n\n\n\n<p>Eredm\u00e9ny: 10 perc alatt<\/p>\n\n\n\n<p>Kiszerel\u00e9s: 10 teszt\/kit<\/p>\n\n\n\n<p><strong>Klinikai teljes\u00edtm\u00e9ny<\/strong><\/p>\n\n\n\n<p>Diagnosztikai \u00e9rz\u00e9kenys\u00e9g: 94,1%*<\/p>\n\n\n\n<p>Diagnosztikus specifit\u00e1s: 99,2%*<\/p>\n\n\n\n<p>\u00d6sszesen: 98,2%*<\/p>\n\n\n\n<p>*:95% konfidenciaintervallum<\/p>","protected":false},"excerpt":{"rendered":"<p>A NADAL\u00ae&nbsp;COVID-19 IgG\/IgM teszt n\u00e9met gy\u00e1rt\u00f3c\u00e9g \u00e1ltal el\u0151\u00e1ll\u00edtott, a forgalmaz\u00e1shoz sz\u00fcks\u00e9ges magyarorsz\u00e1gi Hat\u00f3s\u00e1gi Bizony\u00edtv\u00e1nnyal rendelkez\u0151, kiz\u00e1r\u00f3lag professzion\u00e1lis felhaszn\u00e1l\u00e1s c\u00e9lra k\u00e9sz\u00fclt human in-vitro diagnosztikai eszk\u00f6z. A NADAL\u00ae COVID-19 IgG\/IgM teszt a t\u00fcneteket mutat\u00f3 betegek anti- SARS-CoV-2 IgG \u00e9s&nbsp;&nbsp;IgM antitestjeinek emberi teljes v\u00e9rb\u0151l, sz\u00e9rumb\u00f3l vagy plazm\u00e1b\u00f3l t\u00f6rt\u00e9n\u0151 kimutat\u00e1s\u00e1ra alkalmas lateral-flow t\u00edpus\u00fa kvalitat\u00edv kromatogr\u00e1fi\u00e1s gyorsteszt. A vizsg\u00e1lat elv\u00e9gz\u00e9se szakember \u00e1ltal javasolt, amihez ki\u00e9rt\u00e9kel\u0151 m\u0171szer vagy speci\u00e1lis laborat\u00f3riumi eszk\u00f6z nem sz\u00fcks\u00e9ges. Eredm\u00e9ny: 10 perc alatt Kiszerel\u00e9s: 10 teszt\/kit Klinikai teljes\u00edtm\u00e9ny Diagnosztikai \u00e9rz\u00e9kenys\u00e9g: 94,1%* Diagnosztikus specifit\u00e1s: 99,2%* \u00d6sszesen: 98,2%* *:95% konfidenciaintervallum<\/p>","protected":false},"author":2,"featured_media":0,"parent":0,"menu_order":0,"comment_status":"closed","ping_status":"closed","template":"","meta":{"footnotes":""},"yoast_head":"<!-- This site is optimized with the Yoast SEO plugin v21.8 - https:\/\/yoast.com\/wordpress\/plugins\/seo\/ -->\n<title>COVID-19 IgG\/IgM gyorsteszt - Medi-lab Labordiagnosztika<\/title>\n<meta name=\"robots\" content=\"index, follow, max-snippet:-1, max-image-preview:large, max-video-preview:-1\" \/>\n<link rel=\"canonical\" href=\"https:\/\/medilab.mainpage.hu\/en\/covid-19-igg-igm-gyorsteszt\/\" \/>\n<meta property=\"og:locale\" content=\"en_US\" \/>\n<meta property=\"og:type\" content=\"article\" \/>\n<meta property=\"og:title\" content=\"COVID-19 IgG\/IgM gyorsteszt - Medi-lab Labordiagnosztika\" \/>\n<meta property=\"og:description\" content=\"A NADAL\u00ae&nbsp;COVID-19 IgG\/IgM teszt n\u00e9met gy\u00e1rt\u00f3c\u00e9g \u00e1ltal el\u0151\u00e1ll\u00edtott, a forgalmaz\u00e1shoz sz\u00fcks\u00e9ges magyarorsz\u00e1gi Hat\u00f3s\u00e1gi Bizony\u00edtv\u00e1nnyal rendelkez\u0151, kiz\u00e1r\u00f3lag professzion\u00e1lis felhaszn\u00e1l\u00e1s c\u00e9lra k\u00e9sz\u00fclt human in-vitro diagnosztikai eszk\u00f6z. A NADAL\u00ae COVID-19 IgG\/IgM teszt a t\u00fcneteket mutat\u00f3 betegek anti- SARS-CoV-2 IgG \u00e9s&nbsp;&nbsp;IgM antitestjeinek emberi teljes v\u00e9rb\u0151l, sz\u00e9rumb\u00f3l vagy plazm\u00e1b\u00f3l t\u00f6rt\u00e9n\u0151 kimutat\u00e1s\u00e1ra alkalmas lateral-flow t\u00edpus\u00fa kvalitat\u00edv kromatogr\u00e1fi\u00e1s gyorsteszt. A vizsg\u00e1lat elv\u00e9gz\u00e9se szakember \u00e1ltal javasolt, amihez ki\u00e9rt\u00e9kel\u0151 m\u0171szer vagy speci\u00e1lis laborat\u00f3riumi eszk\u00f6z nem sz\u00fcks\u00e9ges. Eredm\u00e9ny: 10 perc alatt Kiszerel\u00e9s: 10 teszt\/kit Klinikai teljes\u00edtm\u00e9ny Diagnosztikai \u00e9rz\u00e9kenys\u00e9g: 94,1%* Diagnosztikus specifit\u00e1s: 99,2%* \u00d6sszesen: 98,2%* *:95% konfidenciaintervallum\" \/>\n<meta property=\"og:url\" content=\"https:\/\/medilab.mainpage.hu\/en\/covid-19-igg-igm-gyorsteszt\/\" \/>\n<meta property=\"og:site_name\" content=\"Medi-lab Labordiagnosztika\" \/>\n<meta property=\"article:publisher\" content=\"https:\/\/www.facebook.com\/medilabhungary\" \/>\n<meta property=\"og:image\" content=\"https:\/\/medilab.mainpage.hu\/wp-content\/uploads\/2020\/10\/logo_Logo-full-on-light-2.png\" \/>\n\t<meta property=\"og:image:width\" content=\"513\" \/>\n\t<meta property=\"og:image:height\" content=\"200\" \/>\n\t<meta property=\"og:image:type\" content=\"image\/png\" \/>\n<meta name=\"twitter:card\" content=\"summary_large_image\" \/>\n<meta name=\"twitter:label1\" content=\"Est. reading time\" \/>\n\t<meta name=\"twitter:data1\" content=\"1 minute\" \/>\n<script type=\"application\/ld+json\" class=\"yoast-schema-graph\">{\"@context\":\"https:\/\/schema.org\",\"@graph\":[{\"@type\":\"WebPage\",\"@id\":\"https:\/\/medilab.mainpage.hu\/covid-19-igg-igm-gyorsteszt\/\",\"url\":\"https:\/\/medilab.mainpage.hu\/covid-19-igg-igm-gyorsteszt\/\",\"name\":\"COVID-19 IgG\/IgM gyorsteszt - Medi-lab Labordiagnosztika\",\"isPartOf\":{\"@id\":\"https:\/\/medilab.mainpage.hu\/#website\"},\"datePublished\":\"2020-09-30T18:17:54+00:00\",\"dateModified\":\"2020-09-30T18:17:54+00:00\",\"breadcrumb\":{\"@id\":\"https:\/\/medilab.mainpage.hu\/covid-19-igg-igm-gyorsteszt\/#breadcrumb\"},\"inLanguage\":\"en-US\",\"potentialAction\":[{\"@type\":\"ReadAction\",\"target\":[\"https:\/\/medilab.mainpage.hu\/covid-19-igg-igm-gyorsteszt\/\"]}]},{\"@type\":\"BreadcrumbList\",\"@id\":\"https:\/\/medilab.mainpage.hu\/covid-19-igg-igm-gyorsteszt\/#breadcrumb\",\"itemListElement\":[{\"@type\":\"ListItem\",\"position\":1,\"name\":\"Kezd\u0151lap\",\"item\":\"https:\/\/medilab.mainpage.hu\/\"},{\"@type\":\"ListItem\",\"position\":2,\"name\":\"COVID-19 IgG\/IgM gyorsteszt\"}]},{\"@type\":\"WebSite\",\"@id\":\"https:\/\/medilab.mainpage.hu\/#website\",\"url\":\"https:\/\/medilab.mainpage.hu\/\",\"name\":\"Medi-lab Labordiagnosztika\",\"description\":\"Medi-lab Labordiagnosztika\",\"publisher\":{\"@id\":\"https:\/\/medilab.mainpage.hu\/#organization\"},\"potentialAction\":[{\"@type\":\"SearchAction\",\"target\":{\"@type\":\"EntryPoint\",\"urlTemplate\":\"https:\/\/medilab.mainpage.hu\/?s={search_term_string}\"},\"query-input\":\"required name=search_term_string\"}],\"inLanguage\":\"en-US\"},{\"@type\":\"Organization\",\"@id\":\"https:\/\/medilab.mainpage.hu\/#organization\",\"name\":\"MEDI-LAB Eg\u00e9szs\u00e9g\u00fcgyi Kereskedelmi \u00e9s Szolg\u00e1ltat\u00f3 Kft.\",\"url\":\"https:\/\/medilab.mainpage.hu\/\",\"logo\":{\"@type\":\"ImageObject\",\"inLanguage\":\"en-US\",\"@id\":\"https:\/\/medilab.mainpage.hu\/#\/schema\/logo\/image\/\",\"url\":\"https:\/\/medilab.mainpage.hu\/wp-content\/uploads\/2020\/10\/logo_Logo-full-on-light-e1602319701988.png\",\"contentUrl\":\"https:\/\/medilab.mainpage.hu\/wp-content\/uploads\/2020\/10\/logo_Logo-full-on-light-e1602319701988.png\",\"width\":364,\"height\":197,\"caption\":\"MEDI-LAB Eg\u00e9szs\u00e9g\u00fcgyi Kereskedelmi \u00e9s Szolg\u00e1ltat\u00f3 Kft.\"},\"image\":{\"@id\":\"https:\/\/medilab.mainpage.hu\/#\/schema\/logo\/image\/\"},\"sameAs\":[\"https:\/\/www.facebook.com\/medilabhungary\",\"https:\/\/linkedin.com\/company\/medi-lab-ltd\/\"]}]}<\/script>\n<!-- \/ Yoast SEO plugin. -->","yoast_head_json":{"title":"COVID-19 IgG\/IgM gyorsteszt - Medi-lab Labordiagnosztika","robots":{"index":"index","follow":"follow","max-snippet":"max-snippet:-1","max-image-preview":"max-image-preview:large","max-video-preview":"max-video-preview:-1"},"canonical":"https:\/\/medilab.mainpage.hu\/en\/covid-19-igg-igm-gyorsteszt\/","og_locale":"en_US","og_type":"article","og_title":"COVID-19 IgG\/IgM gyorsteszt - Medi-lab Labordiagnosztika","og_description":"A NADAL\u00ae&nbsp;COVID-19 IgG\/IgM teszt n\u00e9met gy\u00e1rt\u00f3c\u00e9g \u00e1ltal el\u0151\u00e1ll\u00edtott, a forgalmaz\u00e1shoz sz\u00fcks\u00e9ges magyarorsz\u00e1gi Hat\u00f3s\u00e1gi Bizony\u00edtv\u00e1nnyal rendelkez\u0151, kiz\u00e1r\u00f3lag professzion\u00e1lis felhaszn\u00e1l\u00e1s c\u00e9lra k\u00e9sz\u00fclt human in-vitro diagnosztikai eszk\u00f6z. A NADAL\u00ae COVID-19 IgG\/IgM teszt a t\u00fcneteket mutat\u00f3 betegek anti- SARS-CoV-2 IgG \u00e9s&nbsp;&nbsp;IgM antitestjeinek emberi teljes v\u00e9rb\u0151l, sz\u00e9rumb\u00f3l vagy plazm\u00e1b\u00f3l t\u00f6rt\u00e9n\u0151 kimutat\u00e1s\u00e1ra alkalmas lateral-flow t\u00edpus\u00fa kvalitat\u00edv kromatogr\u00e1fi\u00e1s gyorsteszt. A vizsg\u00e1lat elv\u00e9gz\u00e9se szakember \u00e1ltal javasolt, amihez ki\u00e9rt\u00e9kel\u0151 m\u0171szer vagy speci\u00e1lis laborat\u00f3riumi eszk\u00f6z nem sz\u00fcks\u00e9ges. Eredm\u00e9ny: 10 perc alatt Kiszerel\u00e9s: 10 teszt\/kit Klinikai teljes\u00edtm\u00e9ny Diagnosztikai \u00e9rz\u00e9kenys\u00e9g: 94,1%* Diagnosztikus specifit\u00e1s: 99,2%* \u00d6sszesen: 98,2%* *:95% konfidenciaintervallum","og_url":"https:\/\/medilab.mainpage.hu\/en\/covid-19-igg-igm-gyorsteszt\/","og_site_name":"Medi-lab Labordiagnosztika","article_publisher":"https:\/\/www.facebook.com\/medilabhungary","og_image":[{"width":513,"height":200,"url":"https:\/\/medilab.mainpage.hu\/wp-content\/uploads\/2020\/10\/logo_Logo-full-on-light-2.png","type":"image\/png"}],"twitter_card":"summary_large_image","twitter_misc":{"Est. reading time":"1 minute"},"schema":{"@context":"https:\/\/schema.org","@graph":[{"@type":"WebPage","@id":"https:\/\/medilab.mainpage.hu\/covid-19-igg-igm-gyorsteszt\/","url":"https:\/\/medilab.mainpage.hu\/covid-19-igg-igm-gyorsteszt\/","name":"COVID-19 IgG\/IgM gyorsteszt - Medi-lab Labordiagnosztika","isPartOf":{"@id":"https:\/\/medilab.mainpage.hu\/#website"},"datePublished":"2020-09-30T18:17:54+00:00","dateModified":"2020-09-30T18:17:54+00:00","breadcrumb":{"@id":"https:\/\/medilab.mainpage.hu\/covid-19-igg-igm-gyorsteszt\/#breadcrumb"},"inLanguage":"en-US","potentialAction":[{"@type":"ReadAction","target":["https:\/\/medilab.mainpage.hu\/covid-19-igg-igm-gyorsteszt\/"]}]},{"@type":"BreadcrumbList","@id":"https:\/\/medilab.mainpage.hu\/covid-19-igg-igm-gyorsteszt\/#breadcrumb","itemListElement":[{"@type":"ListItem","position":1,"name":"Kezd\u0151lap","item":"https:\/\/medilab.mainpage.hu\/"},{"@type":"ListItem","position":2,"name":"COVID-19 IgG\/IgM gyorsteszt"}]},{"@type":"WebSite","@id":"https:\/\/medilab.mainpage.hu\/#website","url":"https:\/\/medilab.mainpage.hu\/","name":"Medi-lab Labordiagnosztika","description":"Medi-lab Labordiagnosztika","publisher":{"@id":"https:\/\/medilab.mainpage.hu\/#organization"},"potentialAction":[{"@type":"SearchAction","target":{"@type":"EntryPoint","urlTemplate":"https:\/\/medilab.mainpage.hu\/?s={search_term_string}"},"query-input":"required name=search_term_string"}],"inLanguage":"en-US"},{"@type":"Organization","@id":"https:\/\/medilab.mainpage.hu\/#organization","name":"MEDI-LAB Eg\u00e9szs\u00e9g\u00fcgyi Kereskedelmi \u00e9s Szolg\u00e1ltat\u00f3 Kft.","url":"https:\/\/medilab.mainpage.hu\/","logo":{"@type":"ImageObject","inLanguage":"en-US","@id":"https:\/\/medilab.mainpage.hu\/#\/schema\/logo\/image\/","url":"https:\/\/medilab.mainpage.hu\/wp-content\/uploads\/2020\/10\/logo_Logo-full-on-light-e1602319701988.png","contentUrl":"https:\/\/medilab.mainpage.hu\/wp-content\/uploads\/2020\/10\/logo_Logo-full-on-light-e1602319701988.png","width":364,"height":197,"caption":"MEDI-LAB Eg\u00e9szs\u00e9g\u00fcgyi Kereskedelmi \u00e9s Szolg\u00e1ltat\u00f3 Kft."},"image":{"@id":"https:\/\/medilab.mainpage.hu\/#\/schema\/logo\/image\/"},"sameAs":["https:\/\/www.facebook.com\/medilabhungary","https:\/\/linkedin.com\/company\/medi-lab-ltd\/"]}]}},"_links":{"self":[{"href":"https:\/\/medilab.mainpage.hu\/en\/wp-json\/wp\/v2\/pages\/33"}],"collection":[{"href":"https:\/\/medilab.mainpage.hu\/en\/wp-json\/wp\/v2\/pages"}],"about":[{"href":"https:\/\/medilab.mainpage.hu\/en\/wp-json\/wp\/v2\/types\/page"}],"author":[{"embeddable":true,"href":"https:\/\/medilab.mainpage.hu\/en\/wp-json\/wp\/v2\/users\/2"}],"replies":[{"embeddable":true,"href":"https:\/\/medilab.mainpage.hu\/en\/wp-json\/wp\/v2\/comments?post=33"}],"version-history":[{"count":0,"href":"https:\/\/medilab.mainpage.hu\/en\/wp-json\/wp\/v2\/pages\/33\/revisions"}],"wp:attachment":[{"href":"https:\/\/medilab.mainpage.hu\/en\/wp-json\/wp\/v2\/media?parent=33"}],"curies":[{"name":"wp","href":"https:\/\/api.w.org\/{rel}","templated":true}]}}