{"id":932,"date":"2020-10-06T09:12:25","date_gmt":"2020-10-06T09:12:25","guid":{"rendered":"http:\/\/medilab.mainpage.hu\/?page_id=932"},"modified":"2025-07-18T13:25:24","modified_gmt":"2025-07-18T13:25:24","slug":"munkatarsaink","status":"publish","type":"page","link":"https:\/\/medilab.mainpage.hu\/en\/munkatarsaink\/","title":{"rendered":"Colleagues"},"content":{"rendered":"<h2 class=\"wp-block-heading\">Office<\/h2>\n\n\n\n<h6 class=\"wp-block-heading\"><strong>Mrs. Agnes Bartucz Dr.<\/strong><\/h6>\n\n\n\n<p><strong>Igazgat\u00f3<\/strong><\/p>\n\n\n\n<p><p style=\"padding-top:0\">1993 \u00f3ta vezeti a c\u00e9get, f\u0151bb ter\u00fcletei: besz\u00e1ll\u00edt\u00f3i szakmai kapcsolattart\u00e1s, piackutat\u00e1s, gy\u00e1rt\u00f3i-vev\u0151i kapcsolatok fejleszt\u00e9se, \u00faj szakmai ter\u00fcletek keres\u00e9se.<\/p><\/p>\n\n\n\n<h6 class=\"wp-block-heading\"><strong>Mr. Joseph Bartucz Dr<\/strong><\/h6>\n\n\n\n<p><strong>Szakgy\u00f3gyszer\u00e9sz, igazgat\u00f3<\/strong><\/p>\n\n\n\n<p>1993 \u00f3ta vezeti a c\u00e9get, f\u0151bb ter\u00fcletei: szakmai, gazdas\u00e1gi \u00e9s p\u00e9nz\u00fcgyi \u00fcgyvezet\u00e9s, piackutat\u00e1s, \u00faj szakmai kih\u00edv\u00e1sok megval\u00f3s\u00edt\u00e1sa.<\/p>\n\n\n\n<h6 class=\"wp-block-heading\"><strong>Krisztina Jakab F\u00fcl\u00f6pn\u00e9<\/strong><\/h6>\n\n\n\n<p><strong>Rendel\u00e9sfelv\u00e9tel, sz\u00e1ml\u00e1z\u00e1s, k\u00e9szletnyilv\u00e1ntart\u00e1s<\/strong><\/p>\n\n\n\n<p>Sok \u00e9ves eg\u00e9szs\u00e9g\u00fcgyi anyaggazd\u00e1lkod\u00e1si tapasztalattal rendelkez\u0151 munkat\u00e1rs; t\u00e1mogatja a c\u00e9g sz\u00e1ml\u00e1z\u00e1si, k\u00e9szletgazd\u00e1lkod\u00e1si tev\u00e9kenys\u00e9g\u00e9t, nyilv\u00e1ntartja a rendel\u00e9seket, valamint felel\u0151s a c\u00e9g logisztikai tev\u00e9kenys\u00e9g\u00e9nek tervez\u00e9s\u00e9\u00e9rt.<\/p>\n\n\n\n<h6 class=\"wp-block-heading\"><strong>Adrienn Egy\u00fcd<\/strong><\/h6>\n\n\n\n<p><strong>Rendel\u00e9sfelv\u00e9tel, p\u00e1ly\u00e1zatok<\/strong><\/p>\n\n\n\n<p>T\u00f6bb \u00e9ves eg\u00e9szs\u00e9g\u00fcgyi \u00fczleti ter\u00fcleten szerzett tapasztalat\u00e1val, napi szinten koordin\u00e1lja a sz\u00e1mviteli \u00e9s k\u00e9szletgazd\u00e1lkod\u00e1si tev\u00e9kenys\u00e9geket, dolgozza ki a k\u00f6zbeszerz\u00e9si aj\u00e1nlatad\u00e1sokat, tervezi a besz\u00e1ll\u00edt\u00f3i logisztik\u00e1t, fel\u00fcgyeli az enged\u00e9lyez\u00e9si elj\u00e1r\u00e1sokat, menedzseli az \u00e1ruforgalom megfelel\u0151 ir\u00e1ny\u00edt\u00e1s\u00e1t.<\/p>\n\n\n\n<h6 class=\"wp-block-heading\"><strong>L\u00e1szl\u00f3 Makay<\/strong><\/h6>\n\n\n\n<p><strong>Term\u00e9k manager<\/strong><\/p>\n\n\n\n<p>Feladata a c\u00e9gvezet\u0151kkel egy id\u0151ben kezd\u0151d\u0151 vezet\u0151 menedzseri feladatok ell\u00e1t\u00e1sa: piackutat\u00e1s, k\u00f6zbeszerz\u00e9sek bonyol\u00edt\u00e1sa, aj\u00e1nlatok, szerz\u0151d\u00e9sek el\u0151k\u00e9sz\u00edt\u00e9se, megval\u00f3s\u00edt\u00e1sa, felhaszn\u00e1l\u00f3i kapcsolattart\u00e1s.<\/p>\n\n\n\n<h2 class=\"wp-block-heading\">Service<\/h2>\n\n\n\n<h6 class=\"wp-block-heading\"><strong>Andr\u00e1s Vrbovszki<\/strong><\/h6>\n\n\n\n<p><strong>Szervizm\u00e9rn\u00f6k<\/strong><\/p>\n\n\n\n<p>T\u00f6bb, mint 10 \u00e9ves IVD eszk\u00f6z be\u00fczemel\u00e9si, jav\u00edt\u00e1si, karbantart\u00e1si tapasztalattal rendelkez\u0151 munkat\u00e1rs, aki a gy\u00e1rt\u00f3kat k\u00e9pvisel\u0151-, audit\u00e1lt be\u00fczemel\u00e9sek\u00e9rt, karbantart\u00e1sok\u00e9rt, jav\u00edt\u00e1sok\u00e9rt, orvostechnikai szervizi feladatok ell\u00e1t\u00e1s\u00e1\u00e9rt felel\u0151s.<\/p>\n\n\n\n<h6 class=\"wp-block-heading\"><strong>Attila Horv\u00e1th<\/strong><\/h6>\n\n\n\n<p><strong>Szervizm\u00e9rn\u00f6k<\/strong><\/p>\n\n\n\n<p>T\u00f6bb \u00e9ves IVD eszk\u00f6z be\u00fczemel\u00e9si, jav\u00edt\u00e1si, karbantart\u00e1si tapasztalattal rendelkez\u0151 munkat\u00e1rs, aki a gy\u00e1rt\u00f3kat k\u00e9pvisel\u0151-, audit\u00e1lt be\u00fczemel\u00e9sek\u00e9rt, karbantart\u00e1sok\u00e9rt, jav\u00edt\u00e1sok\u00e9rt, orvostechnikai szervizi feladatok ell\u00e1t\u00e1s\u00e1\u00e9rt felel\u0151s.<\/p>\n\n\n\n<h6 class=\"wp-block-heading\"><strong>Sztan\u00f3 Bal\u00e1zs<\/strong><\/h6>\n\n\n\n<p><strong>Szervizm\u00e9rn\u00f6k<\/strong><\/p>\n\n\n\n<p>T\u00f6bb \u00e9ves k\u00f3rh\u00e1ztechnikai tapasztalattal rendelkez\u0151 munkat\u00e1rs, IVD eszk\u00f6z\u00f6k be\u00fczemel\u00e9s\u00e9ben, jav\u00edt\u00e1s\u00e1ban \u00e9s karbantart\u00e1s\u00e1ban megszerzett tapasztalattal. A gy\u00e1rt\u00f3k egy\u00fcttm\u0171k\u00f6d\u0151 szakembere a felhaszn\u00e1l\u00f3k egyedi fejleszt\u00e9si ig\u00e9nyeinek, applik\u00e1ci\u00f3k kidolgoz\u00e1s\u00e1ban, megval\u00f3s\u00edt\u00e1s\u00e1ban.<\/p>\n\n\n\n<h2 class=\"wp-block-heading\">Logistics<\/h2>\n\n\n\n<h6 class=\"wp-block-heading\"><strong>Forg\u00e1cs Attila<\/strong><\/h6>\n\n\n\n<p><strong>Kisz\u00e1ll\u00edt\u00e1s<\/strong><\/p>\n\n\n\n<p>T\u00f6bb \u00e9vtizedes tapasztalattal rendelkez\u0151 logisztikai munkat\u00e1rs, aki felel\u0151s a pontos \u00e1rusz\u00e1ll\u00edt\u00e1sok koordin\u00e1l\u00e1s\u00e1\u00e9rt, mind az import-, mind a megrendel\u0151i kisz\u00e1ll\u00edt\u00e1sokat illet\u0151en, egy\u00fcttm\u0171k\u00f6dve a Kft. szerz\u0151d\u00e9ses fut\u00e1rszolg\u00e1lati kapcsolat\u00e1val.<\/p>","protected":false},"excerpt":{"rendered":"<p>Irodai munkat\u00e1rsak Dr. Bartuczn\u00e9 Makay \u00c1gnes Igazgat\u00f3 1993 \u00f3ta vezeti a c\u00e9get, f\u0151bb ter\u00fcletei: besz\u00e1ll\u00edt\u00f3i szakmai kapcsolattart\u00e1s, piackutat\u00e1s, gy\u00e1rt\u00f3i-vev\u0151i kapcsolatok fejleszt\u00e9se, \u00faj szakmai ter\u00fcletek keres\u00e9se. Dr. Bartucz J\u00f3zsef Szakgy\u00f3gyszer\u00e9sz, igazgat\u00f3 1993 \u00f3ta vezeti a c\u00e9get, f\u0151bb ter\u00fcletei: szakmai, gazdas\u00e1gi \u00e9s p\u00e9nz\u00fcgyi \u00fcgyvezet\u00e9s, piackutat\u00e1s, \u00faj szakmai kih\u00edv\u00e1sok megval\u00f3s\u00edt\u00e1sa. F\u00fcl\u00f6pn\u00e9 Jakab Krisztina Rendel\u00e9sfelv\u00e9tel, sz\u00e1ml\u00e1z\u00e1s, k\u00e9szletnyilv\u00e1ntart\u00e1s Sok \u00e9ves eg\u00e9szs\u00e9g\u00fcgyi anyaggazd\u00e1lkod\u00e1si tapasztalattal rendelkez\u0151 munkat\u00e1rs; t\u00e1mogatja a c\u00e9g sz\u00e1ml\u00e1z\u00e1si, k\u00e9szletgazd\u00e1lkod\u00e1si tev\u00e9kenys\u00e9g\u00e9t, nyilv\u00e1ntartja a rendel\u00e9seket, valamint felel\u0151s a c\u00e9g logisztikai tev\u00e9kenys\u00e9g\u00e9nek tervez\u00e9s\u00e9\u00e9rt. Egy\u00fcd Adrienn Rendel\u00e9sfelv\u00e9tel, p\u00e1ly\u00e1zatok T\u00f6bb \u00e9ves eg\u00e9szs\u00e9g\u00fcgyi \u00fczleti ter\u00fcleten szerzett tapasztalat\u00e1val, napi szinten koordin\u00e1lja a sz\u00e1mviteli \u00e9s k\u00e9szletgazd\u00e1lkod\u00e1si tev\u00e9kenys\u00e9geket, dolgozza ki a k\u00f6zbeszerz\u00e9si aj\u00e1nlatad\u00e1sokat,&#8230; <\/p>","protected":false},"author":1,"featured_media":0,"parent":0,"menu_order":0,"comment_status":"closed","ping_status":"closed","template":"","meta":{"footnotes":""},"yoast_head":"<!-- This site is optimized with the Yoast SEO plugin v21.8 - https:\/\/yoast.com\/wordpress\/plugins\/seo\/ -->\n<title>Munkat\u00e1rsaink - Medi-lab Labordiagnosztika<\/title>\n<meta name=\"robots\" content=\"index, follow, max-snippet:-1, max-image-preview:large, max-video-preview:-1\" \/>\n<link rel=\"canonical\" href=\"https:\/\/medilab.mainpage.hu\/en\/munkatarsaink\/\" \/>\n<meta property=\"og:locale\" content=\"en_US\" \/>\n<meta property=\"og:type\" content=\"article\" \/>\n<meta property=\"og:title\" content=\"Munkat\u00e1rsaink - Medi-lab Labordiagnosztika\" \/>\n<meta property=\"og:description\" content=\"Irodai munkat\u00e1rsak Dr. Bartuczn\u00e9 Makay \u00c1gnes Igazgat\u00f3 1993 \u00f3ta vezeti a c\u00e9get, f\u0151bb ter\u00fcletei: besz\u00e1ll\u00edt\u00f3i szakmai kapcsolattart\u00e1s, piackutat\u00e1s, gy\u00e1rt\u00f3i-vev\u0151i kapcsolatok fejleszt\u00e9se, \u00faj szakmai ter\u00fcletek keres\u00e9se. Dr. Bartucz J\u00f3zsef Szakgy\u00f3gyszer\u00e9sz, igazgat\u00f3 1993 \u00f3ta vezeti a c\u00e9get, f\u0151bb ter\u00fcletei: szakmai, gazdas\u00e1gi \u00e9s p\u00e9nz\u00fcgyi \u00fcgyvezet\u00e9s, piackutat\u00e1s, \u00faj szakmai kih\u00edv\u00e1sok megval\u00f3s\u00edt\u00e1sa. F\u00fcl\u00f6pn\u00e9 Jakab Krisztina Rendel\u00e9sfelv\u00e9tel, sz\u00e1ml\u00e1z\u00e1s, k\u00e9szletnyilv\u00e1ntart\u00e1s Sok \u00e9ves eg\u00e9szs\u00e9g\u00fcgyi anyaggazd\u00e1lkod\u00e1si tapasztalattal rendelkez\u0151 munkat\u00e1rs; t\u00e1mogatja a c\u00e9g sz\u00e1ml\u00e1z\u00e1si, k\u00e9szletgazd\u00e1lkod\u00e1si tev\u00e9kenys\u00e9g\u00e9t, nyilv\u00e1ntartja a rendel\u00e9seket, valamint felel\u0151s a c\u00e9g logisztikai tev\u00e9kenys\u00e9g\u00e9nek tervez\u00e9s\u00e9\u00e9rt. Egy\u00fcd Adrienn Rendel\u00e9sfelv\u00e9tel, p\u00e1ly\u00e1zatok T\u00f6bb \u00e9ves eg\u00e9szs\u00e9g\u00fcgyi \u00fczleti ter\u00fcleten szerzett tapasztalat\u00e1val, napi szinten koordin\u00e1lja a sz\u00e1mviteli \u00e9s k\u00e9szletgazd\u00e1lkod\u00e1si tev\u00e9kenys\u00e9geket, dolgozza ki a k\u00f6zbeszerz\u00e9si aj\u00e1nlatad\u00e1sokat,...\" \/>\n<meta property=\"og:url\" content=\"https:\/\/medilab.mainpage.hu\/en\/munkatarsaink\/\" \/>\n<meta property=\"og:site_name\" content=\"Medi-lab Labordiagnosztika\" \/>\n<meta property=\"article:publisher\" content=\"https:\/\/www.facebook.com\/medilabhungary\" \/>\n<meta property=\"article:modified_time\" content=\"2025-07-18T13:25:24+00:00\" \/>\n<meta property=\"og:image\" content=\"https:\/\/medilab.mainpage.hu\/wp-content\/uploads\/2020\/10\/logo_Logo-full-on-light-2.png\" \/>\n\t<meta property=\"og:image:width\" content=\"513\" \/>\n\t<meta property=\"og:image:height\" content=\"200\" \/>\n\t<meta property=\"og:image:type\" content=\"image\/png\" \/>\n<meta name=\"twitter:card\" content=\"summary_large_image\" \/>\n<meta name=\"twitter:label1\" content=\"Est. reading time\" \/>\n\t<meta name=\"twitter:data1\" content=\"2 minutes\" \/>\n<script type=\"application\/ld+json\" class=\"yoast-schema-graph\">{\"@context\":\"https:\/\/schema.org\",\"@graph\":[{\"@type\":\"WebPage\",\"@id\":\"https:\/\/medilab.mainpage.hu\/munkatarsaink\/\",\"url\":\"https:\/\/medilab.mainpage.hu\/munkatarsaink\/\",\"name\":\"Munkat\u00e1rsaink - Medi-lab Labordiagnosztika\",\"isPartOf\":{\"@id\":\"https:\/\/medilab.mainpage.hu\/#website\"},\"datePublished\":\"2020-10-06T09:12:25+00:00\",\"dateModified\":\"2025-07-18T13:25:24+00:00\",\"breadcrumb\":{\"@id\":\"https:\/\/medilab.mainpage.hu\/munkatarsaink\/#breadcrumb\"},\"inLanguage\":\"en-US\",\"potentialAction\":[{\"@type\":\"ReadAction\",\"target\":[\"https:\/\/medilab.mainpage.hu\/munkatarsaink\/\"]}]},{\"@type\":\"BreadcrumbList\",\"@id\":\"https:\/\/medilab.mainpage.hu\/munkatarsaink\/#breadcrumb\",\"itemListElement\":[{\"@type\":\"ListItem\",\"position\":1,\"name\":\"Kezd\u0151lap\",\"item\":\"https:\/\/medilab.mainpage.hu\/\"},{\"@type\":\"ListItem\",\"position\":2,\"name\":\"Munkat\u00e1rsaink\"}]},{\"@type\":\"WebSite\",\"@id\":\"https:\/\/medilab.mainpage.hu\/#website\",\"url\":\"https:\/\/medilab.mainpage.hu\/\",\"name\":\"Medi-lab Labordiagnosztika\",\"description\":\"Medi-lab Labordiagnosztika\",\"publisher\":{\"@id\":\"https:\/\/medilab.mainpage.hu\/#organization\"},\"potentialAction\":[{\"@type\":\"SearchAction\",\"target\":{\"@type\":\"EntryPoint\",\"urlTemplate\":\"https:\/\/medilab.mainpage.hu\/?s={search_term_string}\"},\"query-input\":\"required name=search_term_string\"}],\"inLanguage\":\"en-US\"},{\"@type\":\"Organization\",\"@id\":\"https:\/\/medilab.mainpage.hu\/#organization\",\"name\":\"MEDI-LAB Eg\u00e9szs\u00e9g\u00fcgyi Kereskedelmi \u00e9s Szolg\u00e1ltat\u00f3 Kft.\",\"url\":\"https:\/\/medilab.mainpage.hu\/\",\"logo\":{\"@type\":\"ImageObject\",\"inLanguage\":\"en-US\",\"@id\":\"https:\/\/medilab.mainpage.hu\/#\/schema\/logo\/image\/\",\"url\":\"https:\/\/medilab.mainpage.hu\/wp-content\/uploads\/2020\/10\/logo_Logo-full-on-light-e1602319701988.png\",\"contentUrl\":\"https:\/\/medilab.mainpage.hu\/wp-content\/uploads\/2020\/10\/logo_Logo-full-on-light-e1602319701988.png\",\"width\":364,\"height\":197,\"caption\":\"MEDI-LAB Eg\u00e9szs\u00e9g\u00fcgyi Kereskedelmi \u00e9s Szolg\u00e1ltat\u00f3 Kft.\"},\"image\":{\"@id\":\"https:\/\/medilab.mainpage.hu\/#\/schema\/logo\/image\/\"},\"sameAs\":[\"https:\/\/www.facebook.com\/medilabhungary\",\"https:\/\/linkedin.com\/company\/medi-lab-ltd\/\"]}]}<\/script>\n<!-- \/ Yoast SEO plugin. -->","yoast_head_json":{"title":"Munkat\u00e1rsaink - Medi-lab Labordiagnosztika","robots":{"index":"index","follow":"follow","max-snippet":"max-snippet:-1","max-image-preview":"max-image-preview:large","max-video-preview":"max-video-preview:-1"},"canonical":"https:\/\/medilab.mainpage.hu\/en\/munkatarsaink\/","og_locale":"en_US","og_type":"article","og_title":"Munkat\u00e1rsaink - Medi-lab Labordiagnosztika","og_description":"Irodai munkat\u00e1rsak Dr. Bartuczn\u00e9 Makay \u00c1gnes Igazgat\u00f3 1993 \u00f3ta vezeti a c\u00e9get, f\u0151bb ter\u00fcletei: besz\u00e1ll\u00edt\u00f3i szakmai kapcsolattart\u00e1s, piackutat\u00e1s, gy\u00e1rt\u00f3i-vev\u0151i kapcsolatok fejleszt\u00e9se, \u00faj szakmai ter\u00fcletek keres\u00e9se. Dr. Bartucz J\u00f3zsef Szakgy\u00f3gyszer\u00e9sz, igazgat\u00f3 1993 \u00f3ta vezeti a c\u00e9get, f\u0151bb ter\u00fcletei: szakmai, gazdas\u00e1gi \u00e9s p\u00e9nz\u00fcgyi \u00fcgyvezet\u00e9s, piackutat\u00e1s, \u00faj szakmai kih\u00edv\u00e1sok megval\u00f3s\u00edt\u00e1sa. F\u00fcl\u00f6pn\u00e9 Jakab Krisztina Rendel\u00e9sfelv\u00e9tel, sz\u00e1ml\u00e1z\u00e1s, k\u00e9szletnyilv\u00e1ntart\u00e1s Sok \u00e9ves eg\u00e9szs\u00e9g\u00fcgyi anyaggazd\u00e1lkod\u00e1si tapasztalattal rendelkez\u0151 munkat\u00e1rs; t\u00e1mogatja a c\u00e9g sz\u00e1ml\u00e1z\u00e1si, k\u00e9szletgazd\u00e1lkod\u00e1si tev\u00e9kenys\u00e9g\u00e9t, nyilv\u00e1ntartja a rendel\u00e9seket, valamint felel\u0151s a c\u00e9g logisztikai tev\u00e9kenys\u00e9g\u00e9nek tervez\u00e9s\u00e9\u00e9rt. Egy\u00fcd Adrienn Rendel\u00e9sfelv\u00e9tel, p\u00e1ly\u00e1zatok T\u00f6bb \u00e9ves eg\u00e9szs\u00e9g\u00fcgyi \u00fczleti ter\u00fcleten szerzett tapasztalat\u00e1val, napi szinten koordin\u00e1lja a sz\u00e1mviteli \u00e9s k\u00e9szletgazd\u00e1lkod\u00e1si tev\u00e9kenys\u00e9geket, dolgozza ki a k\u00f6zbeszerz\u00e9si aj\u00e1nlatad\u00e1sokat,...","og_url":"https:\/\/medilab.mainpage.hu\/en\/munkatarsaink\/","og_site_name":"Medi-lab Labordiagnosztika","article_publisher":"https:\/\/www.facebook.com\/medilabhungary","article_modified_time":"2025-07-18T13:25:24+00:00","og_image":[{"width":513,"height":200,"url":"https:\/\/medilab.mainpage.hu\/wp-content\/uploads\/2020\/10\/logo_Logo-full-on-light-2.png","type":"image\/png"}],"twitter_card":"summary_large_image","twitter_misc":{"Est. reading time":"2 minutes"},"schema":{"@context":"https:\/\/schema.org","@graph":[{"@type":"WebPage","@id":"https:\/\/medilab.mainpage.hu\/munkatarsaink\/","url":"https:\/\/medilab.mainpage.hu\/munkatarsaink\/","name":"Munkat\u00e1rsaink - Medi-lab Labordiagnosztika","isPartOf":{"@id":"https:\/\/medilab.mainpage.hu\/#website"},"datePublished":"2020-10-06T09:12:25+00:00","dateModified":"2025-07-18T13:25:24+00:00","breadcrumb":{"@id":"https:\/\/medilab.mainpage.hu\/munkatarsaink\/#breadcrumb"},"inLanguage":"en-US","potentialAction":[{"@type":"ReadAction","target":["https:\/\/medilab.mainpage.hu\/munkatarsaink\/"]}]},{"@type":"BreadcrumbList","@id":"https:\/\/medilab.mainpage.hu\/munkatarsaink\/#breadcrumb","itemListElement":[{"@type":"ListItem","position":1,"name":"Kezd\u0151lap","item":"https:\/\/medilab.mainpage.hu\/"},{"@type":"ListItem","position":2,"name":"Munkat\u00e1rsaink"}]},{"@type":"WebSite","@id":"https:\/\/medilab.mainpage.hu\/#website","url":"https:\/\/medilab.mainpage.hu\/","name":"Medi-lab Labordiagnosztika","description":"Medi-lab Labordiagnosztika","publisher":{"@id":"https:\/\/medilab.mainpage.hu\/#organization"},"potentialAction":[{"@type":"SearchAction","target":{"@type":"EntryPoint","urlTemplate":"https:\/\/medilab.mainpage.hu\/?s={search_term_string}"},"query-input":"required name=search_term_string"}],"inLanguage":"en-US"},{"@type":"Organization","@id":"https:\/\/medilab.mainpage.hu\/#organization","name":"MEDI-LAB Eg\u00e9szs\u00e9g\u00fcgyi Kereskedelmi \u00e9s Szolg\u00e1ltat\u00f3 Kft.","url":"https:\/\/medilab.mainpage.hu\/","logo":{"@type":"ImageObject","inLanguage":"en-US","@id":"https:\/\/medilab.mainpage.hu\/#\/schema\/logo\/image\/","url":"https:\/\/medilab.mainpage.hu\/wp-content\/uploads\/2020\/10\/logo_Logo-full-on-light-e1602319701988.png","contentUrl":"https:\/\/medilab.mainpage.hu\/wp-content\/uploads\/2020\/10\/logo_Logo-full-on-light-e1602319701988.png","width":364,"height":197,"caption":"MEDI-LAB Eg\u00e9szs\u00e9g\u00fcgyi Kereskedelmi \u00e9s Szolg\u00e1ltat\u00f3 Kft."},"image":{"@id":"https:\/\/medilab.mainpage.hu\/#\/schema\/logo\/image\/"},"sameAs":["https:\/\/www.facebook.com\/medilabhungary","https:\/\/linkedin.com\/company\/medi-lab-ltd\/"]}]}},"_links":{"self":[{"href":"https:\/\/medilab.mainpage.hu\/en\/wp-json\/wp\/v2\/pages\/932"}],"collection":[{"href":"https:\/\/medilab.mainpage.hu\/en\/wp-json\/wp\/v2\/pages"}],"about":[{"href":"https:\/\/medilab.mainpage.hu\/en\/wp-json\/wp\/v2\/types\/page"}],"author":[{"embeddable":true,"href":"https:\/\/medilab.mainpage.hu\/en\/wp-json\/wp\/v2\/users\/1"}],"replies":[{"embeddable":true,"href":"https:\/\/medilab.mainpage.hu\/en\/wp-json\/wp\/v2\/comments?post=932"}],"version-history":[{"count":0,"href":"https:\/\/medilab.mainpage.hu\/en\/wp-json\/wp\/v2\/pages\/932\/revisions"}],"wp:attachment":[{"href":"https:\/\/medilab.mainpage.hu\/en\/wp-json\/wp\/v2\/media?parent=932"}],"curies":[{"name":"wp","href":"https:\/\/api.w.org\/{rel}","templated":true}]}}